{"id":133,"date":"2018-07-03T16:29:12","date_gmt":"2018-07-03T14:29:12","guid":{"rendered":"http:\/\/magrittel.cluster014.ovh.net\/magrittemuseum.be\/?page_id=133"},"modified":"2025-05-25T17:06:32","modified_gmt":"2025-05-25T15:06:32","slug":"histoire","status":"publish","type":"page","link":"https:\/\/www.magrittemuseum.be\/index.php\/fr\/musee\/histoire\/","title":{"rendered":"Historique"},"content":{"rendered":"\n\n<div class=\"wp-block-image\">\n<figure class=\"aligncenter size-large is-resized\"><img loading=\"lazy\" decoding=\"async\" width=\"1021\" height=\"1024\" src=\"https:\/\/www.magrittemuseum.be\/wp-content\/uploads\/2024\/06\/102_DSC4174-1021x1024.jpg\" alt=\"\" class=\"wp-image-5108\" style=\"width:700px\" srcset=\"https:\/\/www.magrittemuseum.be\/wp-content\/uploads\/2024\/06\/102_DSC4174-1021x1024.jpg 1021w, https:\/\/www.magrittemuseum.be\/wp-content\/uploads\/2024\/06\/102_DSC4174-300x300.jpg 300w, https:\/\/www.magrittemuseum.be\/wp-content\/uploads\/2024\/06\/102_DSC4174-150x150.jpg 150w, https:\/\/www.magrittemuseum.be\/wp-content\/uploads\/2024\/06\/102_DSC4174-768x770.jpg 768w, https:\/\/www.magrittemuseum.be\/wp-content\/uploads\/2024\/06\/102_DSC4174-1531x1536.jpg 1531w, https:\/\/www.magrittemuseum.be\/wp-content\/uploads\/2024\/06\/102_DSC4174-2042x2048.jpg 2042w, https:\/\/www.magrittemuseum.be\/wp-content\/uploads\/2024\/06\/102_DSC4174-1260x1264.jpg 1260w, https:\/\/www.magrittemuseum.be\/wp-content\/uploads\/2024\/06\/102_DSC4174-140x140.jpg 140w\" sizes=\"(max-width: 1021px) 100vw, 1021px\" \/><\/figure><\/div>\n\n\n<h2 class=\"wp-block-heading has-text-align-center\">Chronologie<\/h2>\n\n\n\n<div class=\"wp-block-timeline-express-timeline-block\">\t\t\t<section id=\"cd-timeline\" class=\"cd-container timeline-express\">\n\n\t\t\t\n<div class=\"cd-timeline-block janvier 01 1925 announcement-no-image announcement-5753\">\n\n\t\n\t\t<div class=\"cd-timeline-img cd-picture icon-no-readmore\" style=\"background:#08aa6e;\">\n\n\t\t\t<!-- Custom Action Hook -->\n\t\t\t\n\t\t\t\t<!-- Standard Font Awesome Icon -->\n\t\t\t\t<span class=\"fa fa-circle-o\" title=\"1925\"><\/span>\n\n\t\t\t\n\t\t<\/div> <!-- cd-timeline-img -->\n\n\t\n\t<!-- Timeline Content -->\n\t<div class=\"cd-timeline-content\">\n\n\t\t\n\t\t<!-- Announcement Title -->\n\t\t<div class=\"cd-timeline-title-container\">\n\n\t\t\t\n\t\t\t<h2 class=\"cd-timeline-item-title\">\n\t\t\t\t1925\t\t\t<\/h2>\n\n\t\t\t\t\t<\/div>\n\t\t<!-- End Announcement Title -->\n\n\t\t\n\t\t<!-- Announcement Excerpt -->\n\t\t<div class=\"the-excerpt\">\n\t\t\t<p>Construction de la maison, rue Esseghem 135, compos\u00e9e de trois appartements.<\/p>\n\t\t<\/div>\n\t\t<!-- End Announcement Excerpt -->\n\n\t\t\n\t<\/div>\n\t<!-- End Timeline Content -->\n\n<\/div>\n<!-- End Timeline Block -->\n\n<div class=\"cd-timeline-block janvier 01 1930 announcement-no-image announcement-5755\">\n\n\t\n\t\t<div class=\"cd-timeline-img cd-picture icon-no-readmore\" style=\"background:#08aa6e;\">\n\n\t\t\t<!-- Custom Action Hook -->\n\t\t\t\n\t\t\t\t<!-- Standard Font Awesome Icon -->\n\t\t\t\t<span class=\"fa fa-circle-o\" title=\"1930\"><\/span>\n\n\t\t\t\n\t\t<\/div> <!-- cd-timeline-img -->\n\n\t\n\t<!-- Timeline Content -->\n\t<div class=\"cd-timeline-content\">\n\n\t\t\n\t\t<!-- Announcement Title -->\n\t\t<div class=\"cd-timeline-title-container\">\n\n\t\t\t\n\t\t\t<h2 class=\"cd-timeline-item-title\">\n\t\t\t\t1930\t\t\t<\/h2>\n\n\t\t\t\t\t<\/div>\n\t\t<!-- End Announcement Title -->\n\n\t\t\n\t\t<!-- Announcement Excerpt -->\n\t\t<div class=\"the-excerpt\">\n\t\t\t<p>Ren\u00e9 et Georgette Magritte emm\u00e9nagent dans l\u2019appartement du rez de chauss\u00e9e durant l\u2019\u00e9t\u00e9. Ils pensent y rester quelques mois mais y habiteront finalement 24 ans.<\/p>\n\t\t<\/div>\n\t\t<!-- End Announcement Excerpt -->\n\n\t\t\n\t<\/div>\n\t<!-- End Timeline Content -->\n\n<\/div>\n<!-- End Timeline Block -->\n\n<div class=\"cd-timeline-block janvier 01 1954 announcement-no-image announcement-5756\">\n\n\t\n\t\t<div class=\"cd-timeline-img cd-picture icon-no-readmore\" style=\"background:#08aa6e;\">\n\n\t\t\t<!-- Custom Action Hook -->\n\t\t\t\n\t\t\t\t<!-- Standard Font Awesome Icon -->\n\t\t\t\t<span class=\"fa fa-circle-o\" title=\"1954\"><\/span>\n\n\t\t\t\n\t\t<\/div> <!-- cd-timeline-img -->\n\n\t\n\t<!-- Timeline Content -->\n\t<div class=\"cd-timeline-content\">\n\n\t\t\n\t\t<!-- Announcement Title -->\n\t\t<div class=\"cd-timeline-title-container\">\n\n\t\t\t\n\t\t\t<h2 class=\"cd-timeline-item-title\">\n\t\t\t\t1954\t\t\t<\/h2>\n\n\t\t\t\t\t<\/div>\n\t\t<!-- End Announcement Title -->\n\n\t\t\n\t\t<!-- Announcement Excerpt -->\n\t\t<div class=\"the-excerpt\">\n\t\t\t<p>Les Magritte quittent l\u2019appartement en mai 1954 pour s\u2019installer au Boulevard Lambermont \u00e0 Schaerbeek.<\/p>\n\t\t<\/div>\n\t\t<!-- End Announcement Excerpt -->\n\n\t\t\n\t<\/div>\n\t<!-- End Timeline Content -->\n\n<\/div>\n<!-- End Timeline Block -->\n\n<div class=\"cd-timeline-block janvier 01 1967 announcement-no-image announcement-5757\">\n\n\t\n\t\t<div class=\"cd-timeline-img cd-picture icon-no-readmore\" style=\"background:#08aa6e;\">\n\n\t\t\t<!-- Custom Action Hook -->\n\t\t\t\n\t\t\t\t<!-- Standard Font Awesome Icon -->\n\t\t\t\t<span class=\"fa fa-circle-o\" title=\"1967\"><\/span>\n\n\t\t\t\n\t\t<\/div> <!-- cd-timeline-img -->\n\n\t\n\t<!-- Timeline Content -->\n\t<div class=\"cd-timeline-content\">\n\n\t\t\n\t\t<!-- Announcement Title -->\n\t\t<div class=\"cd-timeline-title-container\">\n\n\t\t\t\n\t\t\t<h2 class=\"cd-timeline-item-title\">\n\t\t\t\t1967\t\t\t<\/h2>\n\n\t\t\t\t\t<\/div>\n\t\t<!-- End Announcement Title -->\n\n\t\t\n\t\t<!-- Announcement Excerpt -->\n\t\t<div class=\"the-excerpt\">\n\t\t\t<p>Magritte d\u00e9c\u00e8de dans la derni\u00e8re maison du couple, Rue des Mimosas \u00e0 Schaerbeek.<\/p>\n\t\t<\/div>\n\t\t<!-- End Announcement Excerpt -->\n\n\t\t\n\t<\/div>\n\t<!-- End Timeline Content -->\n\n<\/div>\n<!-- End Timeline Block -->\n\n<div class=\"cd-timeline-block janvier 01 1976 announcement-no-image announcement-5758\">\n\n\t\n\t\t<div class=\"cd-timeline-img cd-picture icon-no-readmore\" style=\"background:#08aa6e;\">\n\n\t\t\t<!-- Custom Action Hook -->\n\t\t\t\n\t\t\t\t<!-- Standard Font Awesome Icon -->\n\t\t\t\t<span class=\"fa fa-circle-o\" title=\"1976\"><\/span>\n\n\t\t\t\n\t\t<\/div> <!-- cd-timeline-img -->\n\n\t\n\t<!-- Timeline Content -->\n\t<div class=\"cd-timeline-content\">\n\n\t\t\n\t\t<!-- Announcement Title -->\n\t\t<div class=\"cd-timeline-title-container\">\n\n\t\t\t\n\t\t\t<h2 class=\"cd-timeline-item-title\">\n\t\t\t\t1976\t\t\t<\/h2>\n\n\t\t\t\t\t<\/div>\n\t\t<!-- End Announcement Title -->\n\n\t\t\n\t\t<!-- Announcement Excerpt -->\n\t\t<div class=\"the-excerpt\">\n\t\t\t<p>Andr\u00e9 Garitte rencontre Georgette \u00e0 la Rue des Mimosas. Par la suite, il la rencontre r\u00e9guli\u00e8rement et note ses souvenirs.<\/p>\n\t\t<\/div>\n\t\t<!-- End Announcement Excerpt -->\n\n\t\t\n\t<\/div>\n\t<!-- End Timeline Content -->\n\n<\/div>\n<!-- End Timeline Block -->\n\n<div class=\"cd-timeline-block janvier 01 1986 announcement-no-image announcement-5759\">\n\n\t\n\t\t<div class=\"cd-timeline-img cd-picture icon-no-readmore\" style=\"background:#08aa6e;\">\n\n\t\t\t<!-- Custom Action Hook -->\n\t\t\t\n\t\t\t\t<!-- Standard Font Awesome Icon -->\n\t\t\t\t<span class=\"fa fa-circle-o\" title=\"1986\"><\/span>\n\n\t\t\t\n\t\t<\/div> <!-- cd-timeline-img -->\n\n\t\n\t<!-- Timeline Content -->\n\t<div class=\"cd-timeline-content\">\n\n\t\t\n\t\t<!-- Announcement Title -->\n\t\t<div class=\"cd-timeline-title-container\">\n\n\t\t\t\n\t\t\t<h2 class=\"cd-timeline-item-title\">\n\t\t\t\t1986\t\t\t<\/h2>\n\n\t\t\t\t\t<\/div>\n\t\t<!-- End Announcement Title -->\n\n\t\t\n\t\t<!-- Announcement Excerpt -->\n\t\t<div class=\"the-excerpt\">\n\t\t\t<p>D\u00e8c\u00e8s de Georgette \u00e0 85 ans. Les biens des Magritte sont vendus en vente publique chez Sotheby&rsquo;s et au Palais des Beaux-arts.<\/p>\n\t\t<\/div>\n\t\t<!-- End Announcement Excerpt -->\n\n\t\t\n\t<\/div>\n\t<!-- End Timeline Content -->\n\n<\/div>\n<!-- End Timeline Block -->\n\n<div class=\"cd-timeline-block janvier 01 1992 announcement-no-image announcement-5760\">\n\n\t\n\t\t<div class=\"cd-timeline-img cd-picture icon-no-readmore\" style=\"background:#08aa6e;\">\n\n\t\t\t<!-- Custom Action Hook -->\n\t\t\t\n\t\t\t\t<!-- Standard Font Awesome Icon -->\n\t\t\t\t<span class=\"fa fa-circle-o\" title=\"1992\"><\/span>\n\n\t\t\t\n\t\t<\/div> <!-- cd-timeline-img -->\n\n\t\n\t<!-- Timeline Content -->\n\t<div class=\"cd-timeline-content\">\n\n\t\t\n\t\t<!-- Announcement Title -->\n\t\t<div class=\"cd-timeline-title-container\">\n\n\t\t\t\n\t\t\t<h2 class=\"cd-timeline-item-title\">\n\t\t\t\t1992\t\t\t<\/h2>\n\n\t\t\t\t\t<\/div>\n\t\t<!-- End Announcement Title -->\n\n\t\t\n\t\t<!-- Announcement Excerpt -->\n\t\t<div class=\"the-excerpt\">\n\t\t\t<p>Andr\u00e9 Garitte d\u00e9couvre une photo r\u00e9cente qui prouve que le maison Rue Esseghem existe toujours.<\/p>\n\t\t<\/div>\n\t\t<!-- End Announcement Excerpt -->\n\n\t\t\n\t<\/div>\n\t<!-- End Timeline Content -->\n\n<\/div>\n<!-- End Timeline Block -->\n\n<div class=\"cd-timeline-block janvier 01 1993 announcement-no-image announcement-5761\">\n\n\t\n\t\t<div class=\"cd-timeline-img cd-picture icon-no-readmore\" style=\"background:#08aa6e;\">\n\n\t\t\t<!-- Custom Action Hook -->\n\t\t\t\n\t\t\t\t<!-- Standard Font Awesome Icon -->\n\t\t\t\t<span class=\"fa fa-circle-o\" title=\"1993\"><\/span>\n\n\t\t\t\n\t\t<\/div> <!-- cd-timeline-img -->\n\n\t\n\t<!-- Timeline Content -->\n\t<div class=\"cd-timeline-content\">\n\n\t\t\n\t\t<!-- Announcement Title -->\n\t\t<div class=\"cd-timeline-title-container\">\n\n\t\t\t\n\t\t\t<h2 class=\"cd-timeline-item-title\">\n\t\t\t\t1993\t\t\t<\/h2>\n\n\t\t\t\t\t<\/div>\n\t\t<!-- End Announcement Title -->\n\n\t\t\n\t\t<!-- Announcement Excerpt -->\n\t\t<div class=\"the-excerpt\">\n\t\t\t<p>Cr\u00e9ation de l&rsquo;ASBL Mus\u00e9e Ren\u00e9 Magritte et achat de la maison rue Esseghem pour en faire un mus\u00e9e. La r\u00e9novation de l&rsquo;habitation prendra plus de 6 ans. Une centaine de photos originales, des textes de surr\u00e9alistes et le t\u00e9moignage des proches de l&rsquo;artiste serviront de base \u00e0 la restauration fid\u00e8le de son int\u00e9rieur, majoritairement reconstitu\u00e9 avec le mobilier d&rsquo;origine.<\/p>\n\t\t<\/div>\n\t\t<!-- End Announcement Excerpt -->\n\n\t\t\n\t<\/div>\n\t<!-- End Timeline Content -->\n\n<\/div>\n<!-- End Timeline Block -->\n\n<div class=\"cd-timeline-block janvier 01 1999 announcement-no-image announcement-5762\">\n\n\t\n\t\t<div class=\"cd-timeline-img cd-picture icon-no-readmore\" style=\"background:#08aa6e;\">\n\n\t\t\t<!-- Custom Action Hook -->\n\t\t\t\n\t\t\t\t<!-- Standard Font Awesome Icon -->\n\t\t\t\t<span class=\"fa fa-circle-o\" title=\"1999\"><\/span>\n\n\t\t\t\n\t\t<\/div> <!-- cd-timeline-img -->\n\n\t\n\t<!-- Timeline Content -->\n\t<div class=\"cd-timeline-content\">\n\n\t\t\n\t\t<!-- Announcement Title -->\n\t\t<div class=\"cd-timeline-title-container\">\n\n\t\t\t\n\t\t\t<h2 class=\"cd-timeline-item-title\">\n\t\t\t\t1999\t\t\t<\/h2>\n\n\t\t\t\t\t<\/div>\n\t\t<!-- End Announcement Title -->\n\n\t\t\n\t\t<!-- Announcement Excerpt -->\n\t\t<div class=\"the-excerpt\">\n\t\t\t<p>Le 5 juin 1999 est inaugur\u00e9 officiellement le premier Mus\u00e9e Ren\u00e9 Magritte.<\/p>\n\t\t<\/div>\n\t\t<!-- End Announcement Excerpt -->\n\n\t\t\n\t<\/div>\n\t<!-- End Timeline Content -->\n\n<\/div>\n<!-- End Timeline Block -->\n\n<div class=\"cd-timeline-block janvier 01 2024 announcement-no-image announcement-5763\">\n\n\t\n\t\t<div class=\"cd-timeline-img cd-picture icon-no-readmore\" style=\"background:#08aa6e;\">\n\n\t\t\t<!-- Custom Action Hook -->\n\t\t\t\n\t\t\t\t<!-- Standard Font Awesome Icon -->\n\t\t\t\t<span class=\"fa fa-circle-o\" title=\"2024\"><\/span>\n\n\t\t\t\n\t\t<\/div> <!-- cd-timeline-img -->\n\n\t\n\t<!-- Timeline Content -->\n\t<div class=\"cd-timeline-content\">\n\n\t\t\n\t\t<!-- Announcement Title -->\n\t\t<div class=\"cd-timeline-title-container\">\n\n\t\t\t\n\t\t\t<h2 class=\"cd-timeline-item-title\">\n\t\t\t\t2024\t\t\t<\/h2>\n\n\t\t\t\t\t<\/div>\n\t\t<!-- End Announcement Title -->\n\n\t\t\n\t\t<!-- Announcement Excerpt -->\n\t\t<div class=\"the-excerpt\">\n\t\t\t<p>Le Mus\u00e9e Ren\u00e9 Magritte f\u00eater son vingt-cinqui\u00e8me anniversaire.<\/p>\n\t\t<\/div>\n\t\t<!-- End Announcement Excerpt -->\n\n\t\t\n\t<\/div>\n\t<!-- End Timeline Content -->\n\n<\/div>\n<!-- End Timeline Block -->\n\n\t\t\t<\/section>\n\n\t\t\t<!-- Timeline Express Free v1.8.1 | Site: https:\/\/www.wp-timelineexpress.com | Author: CodeParrots - http:\/\/www.codeparrots.com --><\/div>\n","protected":false},"excerpt":{"rendered":"<p>Chronologie<\/p>\n","protected":false},"author":1,"featured_media":0,"parent":153,"menu_order":0,"comment_status":"closed","ping_status":"closed","template":"","meta":{"footnotes":""},"_links":{"self":[{"href":"https:\/\/www.magrittemuseum.be\/index.php\/wp-json\/wp\/v2\/pages\/133"}],"collection":[{"href":"https:\/\/www.magrittemuseum.be\/index.php\/wp-json\/wp\/v2\/pages"}],"about":[{"href":"https:\/\/www.magrittemuseum.be\/index.php\/wp-json\/wp\/v2\/types\/page"}],"author":[{"embeddable":true,"href":"https:\/\/www.magrittemuseum.be\/index.php\/wp-json\/wp\/v2\/users\/1"}],"replies":[{"embeddable":true,"href":"https:\/\/www.magrittemuseum.be\/index.php\/wp-json\/wp\/v2\/comments?post=133"}],"version-history":[{"count":11,"href":"https:\/\/www.magrittemuseum.be\/index.php\/wp-json\/wp\/v2\/pages\/133\/revisions"}],"predecessor-version":[{"id":5764,"href":"https:\/\/www.magrittemuseum.be\/index.php\/wp-json\/wp\/v2\/pages\/133\/revisions\/5764"}],"up":[{"embeddable":true,"href":"https:\/\/www.magrittemuseum.be\/index.php\/wp-json\/wp\/v2\/pages\/153"}],"wp:attachment":[{"href":"https:\/\/www.magrittemuseum.be\/index.php\/wp-json\/wp\/v2\/media?parent=133"}],"curies":[{"name":"wp","href":"https:\/\/api.w.org\/{rel}","templated":true}]}}