{"id":239,"date":"2018-07-04T17:15:47","date_gmt":"2018-07-04T15:15:47","guid":{"rendered":"http:\/\/magrittel.cluster014.ovh.net\/magrittemuseum.be\/?page_id=239"},"modified":"2025-08-08T17:50:51","modified_gmt":"2025-08-08T15:50:51","slug":"expositions-temporaires","status":"publish","type":"page","link":"https:\/\/www.magrittemuseum.be\/index.php\/fr\/visite\/expositions-temporaires-2\/expositions-temporaires\/","title":{"rendered":"Expositions pass\u00e9es"},"content":{"rendered":"\n<div class=\"wp-block-media-text is-stacked-on-mobile has-base-2-background-color has-background\" style=\"grid-template-columns:35% auto\"><figure class=\"wp-block-media-text__media\"><img loading=\"lazy\" decoding=\"async\" width=\"1024\" height=\"1024\" src=\"https:\/\/www.magrittemuseum.be\/wp-content\/uploads\/2024\/10\/2024_expobeeld_4-1024x1024.png\" alt=\"\" class=\"wp-image-5379 size-full\" srcset=\"https:\/\/www.magrittemuseum.be\/wp-content\/uploads\/2024\/10\/2024_expobeeld_4-1024x1024.png 1024w, https:\/\/www.magrittemuseum.be\/wp-content\/uploads\/2024\/10\/2024_expobeeld_4-300x300.png 300w, https:\/\/www.magrittemuseum.be\/wp-content\/uploads\/2024\/10\/2024_expobeeld_4-150x150.png 150w, https:\/\/www.magrittemuseum.be\/wp-content\/uploads\/2024\/10\/2024_expobeeld_4-768x768.png 768w, https:\/\/www.magrittemuseum.be\/wp-content\/uploads\/2024\/10\/2024_expobeeld_4-140x140.png 140w, https:\/\/www.magrittemuseum.be\/wp-content\/uploads\/2024\/10\/2024_expobeeld_4.png 1080w\" sizes=\"(max-width: 1024px) 100vw, 1024px\" \/><\/figure><div class=\"wp-block-media-text__content\">\n<h2 class=\"wp-block-heading\">07.11.2024 &#8211; 01.06.2025 : <em>En compagnie de Ren\u00e9 Magritte : Les amiti\u00e9s belges<\/em><\/h2>\n\n\n\n<p><em>En Compagnie de Ren\u00e9 Magritte : Les amiti\u00e9s belges<\/em>&nbsp;est une exposition collective autour des relations de Magritte, qu\u2019elles soient fid\u00e8les, br\u00e8ves ou conflictuelles, tant au sein du cercle surr\u00e9aliste qu\u2019au-del\u00e0.<\/p>\n\n\n\n<p>Un v\u00e9ritable voyage dans la sc\u00e8ne artistique belge du si\u00e8cle dernier o\u00f9 art abstrait et surr\u00e9alisme se rencontrent et o\u00f9 le priv\u00e9 et le public s\u2019entrelacent pour \u00e9crire l\u2019histoire telle qu\u2019on la connait.<\/p>\n<\/div><\/div>\n\n\n\n<div class=\"wp-block-media-text is-stacked-on-mobile\" style=\"grid-template-columns:35% auto\"><figure class=\"wp-block-media-text__media\"><img loading=\"lazy\" decoding=\"async\" width=\"1024\" height=\"1024\" src=\"https:\/\/www.magrittemuseum.be\/wp-content\/uploads\/2024\/06\/post_1-2-1024x1024.png\" alt=\"\" class=\"wp-image-4918 size-full\" srcset=\"https:\/\/www.magrittemuseum.be\/wp-content\/uploads\/2024\/06\/post_1-2-1024x1024.png 1024w, https:\/\/www.magrittemuseum.be\/wp-content\/uploads\/2024\/06\/post_1-2-300x300.png 300w, https:\/\/www.magrittemuseum.be\/wp-content\/uploads\/2024\/06\/post_1-2-150x150.png 150w, https:\/\/www.magrittemuseum.be\/wp-content\/uploads\/2024\/06\/post_1-2-768x768.png 768w, https:\/\/www.magrittemuseum.be\/wp-content\/uploads\/2024\/06\/post_1-2-1536x1536.png 1536w, https:\/\/www.magrittemuseum.be\/wp-content\/uploads\/2024\/06\/post_1-2-2048x2048.png 2048w, https:\/\/www.magrittemuseum.be\/wp-content\/uploads\/2024\/06\/post_1-2-1260x1260.png 1260w, https:\/\/www.magrittemuseum.be\/wp-content\/uploads\/2024\/06\/post_1-2-140x140.png 140w\" sizes=\"(max-width: 1024px) 100vw, 1024px\" \/><\/figure><div class=\"wp-block-media-text__content\">\n<h2 class=\"wp-block-heading\">08.06 &#8211; 20.10.24 : <em>En compagnie de Ren\u00e9 Magritte : Jane Graverol<\/em><\/h2>\n\n\n\n<p>Jane Graverol a rencontr\u00e9 Magritte en 1949 dans son atelier de la rue d\u2019Esseghem. Son univers unique partage plusieurs points communs avec celui de Magritte, notamment dans&nbsp;sa confrontation onirique de l\u2019homme \u00e0 la nature. Le monde animal la fascine et occupe depuis son plus jeune \u00e2ge une place particuli\u00e8re dans son univers pictural, souvent marqu\u00e9 par la pr\u00e9sence de&nbsp;cages, d\u2019oiseaux et de corps f\u00e9minins. Avec Rachel Baes, Graverol est consid\u00e9r\u00e9e comme l\u2019une des principales artistes f\u00e9minines du surr\u00e9alisme belge.<\/p>\n<\/div><\/div>\n\n\n\n<div class=\"wp-block-media-text is-stacked-on-mobile has-base-2-background-color has-background\" style=\"grid-template-columns:35% auto\"><figure class=\"wp-block-media-text__media\"><img loading=\"lazy\" decoding=\"async\" width=\"400\" height=\"400\" src=\"https:\/\/www.magrittemuseum.be\/wp-content\/uploads\/2023\/10\/20.jpg\" alt=\"\" class=\"wp-image-4368 size-full\" srcset=\"https:\/\/www.magrittemuseum.be\/wp-content\/uploads\/2023\/10\/20.jpg 400w, https:\/\/www.magrittemuseum.be\/wp-content\/uploads\/2023\/10\/20-300x300.jpg 300w, https:\/\/www.magrittemuseum.be\/wp-content\/uploads\/2023\/10\/20-150x150.jpg 150w, https:\/\/www.magrittemuseum.be\/wp-content\/uploads\/2023\/10\/20-140x140.jpg 140w\" sizes=\"(max-width: 400px) 100vw, 400px\" \/><\/figure><div class=\"wp-block-media-text__content\">\n<h2 class=\"wp-block-heading\">11.10.2023 &#8211; 02.06.2024 : <em>Paysages abstraits<\/em><\/h2>\n\n\n\n<p>Le Mus\u00e9e d\u2019Art abstrait c\u00e9l\u00e8bre le changement de saison avec un accrochage th\u00e9matique autour du paysage.<\/p>\n<\/div><\/div>\n\n\n\n<div class=\"wp-block-media-text is-stacked-on-mobile\" style=\"grid-template-columns:35% auto\"><figure class=\"wp-block-media-text__media\"><img loading=\"lazy\" decoding=\"async\" width=\"1024\" height=\"1024\" src=\"https:\/\/www.magrittemuseum.be\/wp-content\/uploads\/2025\/05\/481114897_1181623463966030_9093187105525961729_n-1024x1024.jpg\" alt=\"\" class=\"wp-image-5629 size-full\" srcset=\"https:\/\/www.magrittemuseum.be\/wp-content\/uploads\/2025\/05\/481114897_1181623463966030_9093187105525961729_n-1024x1024.jpg 1024w, https:\/\/www.magrittemuseum.be\/wp-content\/uploads\/2025\/05\/481114897_1181623463966030_9093187105525961729_n-300x300.jpg 300w, https:\/\/www.magrittemuseum.be\/wp-content\/uploads\/2025\/05\/481114897_1181623463966030_9093187105525961729_n-150x150.jpg 150w, https:\/\/www.magrittemuseum.be\/wp-content\/uploads\/2025\/05\/481114897_1181623463966030_9093187105525961729_n-768x768.jpg 768w, https:\/\/www.magrittemuseum.be\/wp-content\/uploads\/2025\/05\/481114897_1181623463966030_9093187105525961729_n.jpg 1250w\" sizes=\"(max-width: 1024px) 100vw, 1024px\" \/><\/figure><div class=\"wp-block-media-text__content\">\n<h2 class=\"wp-block-heading\">28.11.2022 \u2013 03.09.2023 :<a href=\"https:\/\/www.magrittemuseum.be\/index.php\/fr\/visite\/expositions-temporaires-2\/expositions-temporaires\/expo-renee-demeester\/\"><em>&nbsp;Ren\u00e9e Demeester, Paysages abstraits<\/em><\/a><\/h2>\n\n\n\n<p>Exposition personnelle consacr\u00e9e \u00e0 Ren\u00e9e Demeester, qui nous a quitt\u00e9s en avril 2022. L\u2019exposition \u2018Paysages abstraits\u2019 donne l\u2019occasion au public de se familiariser avec cette artiste tout aussi talentueuse que discr\u00e8te. Figure remarquable de l\u2019Abstraction belge des ann\u00e9es 1960\/80, elle sut d\u00e9velopper son propre style et le faire \u00e9voluer.<\/p>\n\n\n\n<div class=\"wp-block-buttons is-layout-flex wp-block-buttons-is-layout-flex\">\n<div class=\"wp-block-button\"><a class=\"wp-block-button__link wp-element-button\" href=\"https:\/\/www.magrittemuseum.be\/index.php\/fr\/visite\/publication-recherche\/\">Plus d&rsquo;informations sur le catalogue<\/a><\/div>\n<\/div>\n<\/div><\/div>\n\n\n\n<div class=\"wp-block-media-text is-stacked-on-mobile has-base-2-background-color has-background\" style=\"grid-template-columns:35% auto\"><figure class=\"wp-block-media-text__media\"><img loading=\"lazy\" decoding=\"async\" width=\"1024\" height=\"1024\" src=\"https:\/\/www.magrittemuseum.be\/wp-content\/uploads\/2024\/04\/promo-facebook-instagram-1024x1024.jpg\" alt=\"\" class=\"wp-image-4824 size-full\" srcset=\"https:\/\/www.magrittemuseum.be\/wp-content\/uploads\/2024\/04\/promo-facebook-instagram-1024x1024.jpg 1024w, https:\/\/www.magrittemuseum.be\/wp-content\/uploads\/2024\/04\/promo-facebook-instagram-300x300.jpg 300w, https:\/\/www.magrittemuseum.be\/wp-content\/uploads\/2024\/04\/promo-facebook-instagram-150x150.jpg 150w, https:\/\/www.magrittemuseum.be\/wp-content\/uploads\/2024\/04\/promo-facebook-instagram-768x768.jpg 768w, https:\/\/www.magrittemuseum.be\/wp-content\/uploads\/2024\/04\/promo-facebook-instagram-1536x1536.jpg 1536w, https:\/\/www.magrittemuseum.be\/wp-content\/uploads\/2024\/04\/promo-facebook-instagram-2048x2048.jpg 2048w, https:\/\/www.magrittemuseum.be\/wp-content\/uploads\/2024\/04\/promo-facebook-instagram-1260x1260.jpg 1260w, https:\/\/www.magrittemuseum.be\/wp-content\/uploads\/2024\/04\/promo-facebook-instagram-140x140.jpg 140w\" sizes=\"(max-width: 1024px) 100vw, 1024px\" \/><\/figure><div class=\"wp-block-media-text__content\">\n<h2 class=\"wp-block-heading\">01.11.2020 \u2013 03.06.2021 :&nbsp;<em>12 Abstraits construits<\/em><\/h2>\n\n\n\n<p>Cette exposition met en valeur douze compositions bien pens\u00e9es qui se distinguent les unes des autres par la sobri\u00e9t\u00e9 des moyens, l\u2019exub\u00e9rance des couleurs ou la complexit\u00e9 des sujets. Dans l\u2019espace d\u2019exposition temporaire, elles se retrouvent face \u00e0 face et se pr\u00eatent au jeu des confrontations visuelles. Cet ensemble met en lumi\u00e8re la constante cr\u00e9ativit\u00e9 de l\u2019Abstraction g\u00e9om\u00e9trique en Belgique, des ann\u00e9es 1950 \u00e0 nos jours.<\/p>\n<\/div><\/div>\n\n\n\n<div class=\"wp-block-media-text is-stacked-on-mobile is-image-fill\" style=\"grid-template-columns:35% auto\"><figure class=\"wp-block-media-text__media\" style=\"background-image:url(https:\/\/www.magrittemuseum.be\/wp-content\/uploads\/2019\/11\/DSF4358-1-1024x1018.jpg);background-position:52% 42%\"><img loading=\"lazy\" decoding=\"async\" width=\"1024\" height=\"1018\" src=\"https:\/\/www.magrittemuseum.be\/wp-content\/uploads\/2019\/11\/DSF4358-1-1024x1018.jpg\" alt=\"\" class=\"wp-image-1252 size-full\" srcset=\"https:\/\/www.magrittemuseum.be\/wp-content\/uploads\/2019\/11\/DSF4358-1-1024x1018.jpg 1024w, https:\/\/www.magrittemuseum.be\/wp-content\/uploads\/2019\/11\/DSF4358-1-150x150.jpg 150w, https:\/\/www.magrittemuseum.be\/wp-content\/uploads\/2019\/11\/DSF4358-1-300x298.jpg 300w, https:\/\/www.magrittemuseum.be\/wp-content\/uploads\/2019\/11\/DSF4358-1-768x763.jpg 768w, https:\/\/www.magrittemuseum.be\/wp-content\/uploads\/2019\/11\/DSF4358-1-1260x1252.jpg 1260w, https:\/\/www.magrittemuseum.be\/wp-content\/uploads\/2019\/11\/DSF4358-1-140x140.jpg 140w\" sizes=\"(max-width: 1024px) 100vw, 1024px\" \/><\/figure><div class=\"wp-block-media-text__content\">\n<h2 class=\"wp-block-heading\">2019 :&nbsp;<em>Francine Holley, 100 et plus<\/em><\/h2>\n\n\n\n<p>En 2019, nous c\u00e9l\u00e9brions le 100e anniversaire de Francine Holley avec une exposition r\u00e9trospective de ses oeuvres.<\/p>\n<\/div><\/div>\n\n\n\n<div class=\"wp-block-media-text is-stacked-on-mobile has-base-2-background-color has-background\" style=\"grid-template-columns:35% auto\"><figure class=\"wp-block-media-text__media\"><img loading=\"lazy\" decoding=\"async\" width=\"851\" height=\"315\" src=\"https:\/\/www.magrittemuseum.be\/wp-content\/uploads\/2023\/09\/banner-facebook.png\" alt=\"\" class=\"wp-image-4213 size-full\" srcset=\"https:\/\/www.magrittemuseum.be\/wp-content\/uploads\/2023\/09\/banner-facebook.png 851w, https:\/\/www.magrittemuseum.be\/wp-content\/uploads\/2023\/09\/banner-facebook-300x111.png 300w, https:\/\/www.magrittemuseum.be\/wp-content\/uploads\/2023\/09\/banner-facebook-768x284.png 768w\" sizes=\"(max-width: 851px) 100vw, 851px\" \/><\/figure><div class=\"wp-block-media-text__content\">\n<h2 class=\"wp-block-heading\">16.09 \u2013 31.12.2017 :&nbsp;<em>Magritte, Signe de vie<\/em><\/h2>\n\n\n\n<p>\u00c0 l\u2019occasion du cinquanti\u00e8me anniversaire du d\u00e9c\u00e8s de Ren\u00e9 Magritte,&nbsp;21 portraits photo ont \u00e9t\u00e9 expos\u00e9s en plein air dans les communes que l\u2019artiste a fr\u00e9quent\u00e9es (Jette, Molenbeek, Schaerbeek). Parall\u00e8lement \u00e0 cela, les habitants de la capitale ont esquiss\u00e9 des&nbsp;<a href=\"https:\/\/soundcloud.com\/user-143850569\/georgette\">portraits sonores<\/a>&nbsp;\u00e0 travers des ateliers men\u00e9s par<a href=\"http:\/\/www.bna-bbot.be\/fre\/news\/\">&nbsp;BNA-BBOT&nbsp;<\/a>.<\/p>\n<\/div><\/div>\n\n\n\n<div class=\"wp-block-media-text is-stacked-on-mobile\" style=\"grid-template-columns:35% auto\"><figure class=\"wp-block-media-text__media\"><img loading=\"lazy\" decoding=\"async\" width=\"500\" height=\"374\" src=\"https:\/\/www.magrittemuseum.be\/wp-content\/uploads\/2018\/07\/1938_Magritte_le_barbare_londres.jpg\" alt=\"\" class=\"wp-image-243 size-full\" srcset=\"https:\/\/www.magrittemuseum.be\/wp-content\/uploads\/2018\/07\/1938_Magritte_le_barbare_londres.jpg 500w, https:\/\/www.magrittemuseum.be\/wp-content\/uploads\/2018\/07\/1938_Magritte_le_barbare_londres-300x224.jpg 300w\" sizes=\"(max-width: 500px) 100vw, 500px\" \/><\/figure><div class=\"wp-block-media-text__content\">\n<h2 class=\"wp-block-heading\">22.02 \u2013 14.09.2014 :&nbsp;<em>Les Magritte disparus<\/em><\/h2>\n\n\n\n<p>Apr\u00e8s une recherche de 7 ans, 30 chefs-d\u2019\u0153uvre d\u00e9truits de Ren\u00e9 Magritte ont \u00e9t\u00e9 ramen\u00e9s \u00e0 la vie.<\/p>\n<\/div><\/div>\n\n\n\n<div class=\"wp-block-media-text is-stacked-on-mobile has-base-2-background-color has-background\" style=\"grid-template-columns:35% auto\"><figure class=\"wp-block-media-text__media\"><img loading=\"lazy\" decoding=\"async\" width=\"1024\" height=\"731\" src=\"https:\/\/www.magrittemuseum.be\/wp-content\/uploads\/2018\/07\/DSC9101-1024x731.jpg\" alt=\"\" class=\"wp-image-245 size-full\" srcset=\"https:\/\/www.magrittemuseum.be\/wp-content\/uploads\/2018\/07\/DSC9101-1024x731.jpg 1024w, https:\/\/www.magrittemuseum.be\/wp-content\/uploads\/2018\/07\/DSC9101-300x214.jpg 300w, https:\/\/www.magrittemuseum.be\/wp-content\/uploads\/2018\/07\/DSC9101-768x548.jpg 768w, https:\/\/www.magrittemuseum.be\/wp-content\/uploads\/2018\/07\/DSC9101-1260x899.jpg 1260w\" sizes=\"(max-width: 1024px) 100vw, 1024px\" \/><\/figure><div class=\"wp-block-media-text__content\">\n<h2 class=\"wp-block-heading\">16.09.2011 \u2013 15.01.2012 :&nbsp;<em>Henri-Jean Closon (1888-1975)<\/em><\/h2>\n\n\n\n<p>Henri-Jean Closon, pionnier de l\u2019abstraction belge, est le peintre des compositions vibrantes de couleurs. L\u2019exposition au mus\u00e9e Ren\u00e9 Magritte est le tout premier hommage qui lui est rendu \u00e0 Bruxelles.<\/p>\n<\/div><\/div>\n\n\n\n<div class=\"wp-block-media-text is-stacked-on-mobile is-image-fill\" style=\"grid-template-columns:35% auto\"><figure class=\"wp-block-media-text__media\" style=\"background-image:url(https:\/\/www.magrittemuseum.be\/wp-content\/uploads\/2018\/07\/DSC5011-818x1024.jpg);background-position:51% 43%\"><img loading=\"lazy\" decoding=\"async\" width=\"818\" height=\"1024\" src=\"https:\/\/www.magrittemuseum.be\/wp-content\/uploads\/2018\/07\/DSC5011-818x1024.jpg\" alt=\"\" class=\"wp-image-247 size-full\" srcset=\"https:\/\/www.magrittemuseum.be\/wp-content\/uploads\/2018\/07\/DSC5011-818x1024.jpg 818w, https:\/\/www.magrittemuseum.be\/wp-content\/uploads\/2018\/07\/DSC5011-240x300.jpg 240w, https:\/\/www.magrittemuseum.be\/wp-content\/uploads\/2018\/07\/DSC5011-768x961.jpg 768w, https:\/\/www.magrittemuseum.be\/wp-content\/uploads\/2018\/07\/DSC5011-1260x1576.jpg 1260w\" sizes=\"(max-width: 818px) 100vw, 818px\" \/><\/figure><div class=\"wp-block-media-text__content\">\n<h2 class=\"wp-block-heading\">18.09.2010 \u2013 16.01.2011 :&nbsp;<em>Un si\u00e8cle d\u2019art abstrait<\/em><\/h2>\n\n\n\n<p>Cette exposition r\u00e9alis\u00e9e \u00e0 l\u2019occasion du centenaire de l\u2019abstraction en Europe (1910-2010). Une quarantaine d\u2019\u0153uvres, choisies dans la large collection du mus\u00e9e, offre un bel aper\u00e7u des repr\u00e9sentants de ce mouvement en Belgique, des ann\u00e9es 20 \u00e0 nos jours.<\/p>\n\n\n\n<div class=\"wp-block-buttons is-layout-flex wp-block-buttons-is-layout-flex\">\n<div class=\"wp-block-button\"><a class=\"wp-block-button__link wp-element-button\" href=\"https:\/\/www.magrittemuseum.be\/index.php\/fr\/visite\/publication-recherche\/\">Plus d&rsquo;informations sur le catalogue<\/a><\/div>\n<\/div>\n<\/div><\/div>\n\n\n\n<div class=\"wp-block-media-text is-stacked-on-mobile is-image-fill has-base-2-background-color has-background\" style=\"grid-template-columns:35% auto\"><figure class=\"wp-block-media-text__media\" style=\"background-image:url(https:\/\/www.magrittemuseum.be\/wp-content\/uploads\/2025\/08\/10-ans-page-01-717x1024.jpg);background-position:53% 53%\"><img loading=\"lazy\" decoding=\"async\" width=\"717\" height=\"1024\" src=\"https:\/\/www.magrittemuseum.be\/wp-content\/uploads\/2025\/08\/10-ans-page-01-717x1024.jpg\" alt=\"\" class=\"wp-image-6087 size-full\" srcset=\"https:\/\/www.magrittemuseum.be\/wp-content\/uploads\/2025\/08\/10-ans-page-01-717x1024.jpg 717w, https:\/\/www.magrittemuseum.be\/wp-content\/uploads\/2025\/08\/10-ans-page-01-210x300.jpg 210w, https:\/\/www.magrittemuseum.be\/wp-content\/uploads\/2025\/08\/10-ans-page-01-768x1097.jpg 768w, https:\/\/www.magrittemuseum.be\/wp-content\/uploads\/2025\/08\/10-ans-page-01-1075x1536.jpg 1075w, https:\/\/www.magrittemuseum.be\/wp-content\/uploads\/2025\/08\/10-ans-page-01-1434x2048.jpg 1434w, https:\/\/www.magrittemuseum.be\/wp-content\/uploads\/2025\/08\/10-ans-page-01.jpg 1736w\" sizes=\"(max-width: 717px) 100vw, 717px\" \/><\/figure><div class=\"wp-block-media-text__content\">\n<h2 class=\"wp-block-heading\">29, 30 et 31.05.2009 :&nbsp;<em>Les 10 ans du Mus\u00e9e Ren\u00e9 Magritte (1999 \u2013 2009)<\/em><\/h2>\n\n\n\n<p>Le Mus\u00e9e Ren\u00e9 Magritte a f\u00eat\u00e9 en juin 2009 ses 10 ans d\u2019existence. Cet anniversaire fut c\u00e9l\u00e9br\u00e9 lors d\u2019un week-end d\u2019activit\u00e9s sp\u00e9ciales : expositions, visites guid\u00e9es, workshops, concerts et animations furent l\u2019occasion de revenir sur les r\u00e9alisations du Mus\u00e9e, et de pr\u00e9senter au public les projets futurs.<\/p>\n<\/div><\/div>\n\n\n\n<div class=\"wp-block-media-text is-stacked-on-mobile\" style=\"grid-template-columns:35% auto\"><figure class=\"wp-block-media-text__media\"><img loading=\"lazy\" decoding=\"async\" width=\"1024\" height=\"700\" src=\"https:\/\/www.magrittemuseum.be\/wp-content\/uploads\/2018\/07\/DSF4281-1024x700.jpg\" alt=\"\" class=\"wp-image-249 size-full\" srcset=\"https:\/\/www.magrittemuseum.be\/wp-content\/uploads\/2018\/07\/DSF4281-1024x700.jpg 1024w, https:\/\/www.magrittemuseum.be\/wp-content\/uploads\/2018\/07\/DSF4281-300x205.jpg 300w, https:\/\/www.magrittemuseum.be\/wp-content\/uploads\/2018\/07\/DSF4281-768x525.jpg 768w, https:\/\/www.magrittemuseum.be\/wp-content\/uploads\/2018\/07\/DSF4281-1260x862.jpg 1260w\" sizes=\"(max-width: 1024px) 100vw, 1024px\" \/><\/figure><div class=\"wp-block-media-text__content\">\n<h2 class=\"wp-block-heading\">01.04 \u2013 31.07.2009 :&nbsp;<em>Francine Holley : 90 ans, 20 chef-d\u2019\u0153uvres<\/em><\/h2>\n\n\n\n<p>Francine Holley&nbsp;est une artiste abstraite belge vivant \u00e0 Paris qui a c\u00e9l\u00e9br\u00e9 ses 90 ans en 2009. Une exposition-anniversaire survolant sa carri\u00e8re.<\/p>\n<\/div><\/div>\n\n\n\n<div class=\"wp-block-media-text is-stacked-on-mobile is-image-fill has-base-2-background-color has-background\" style=\"grid-template-columns:35% auto\"><figure class=\"wp-block-media-text__media\" style=\"background-image:url(https:\/\/www.magrittemuseum.be\/wp-content\/uploads\/2018\/07\/DSF6588-740x1024.jpg);background-position:50% 31%\"><img loading=\"lazy\" decoding=\"async\" width=\"740\" height=\"1024\" src=\"https:\/\/www.magrittemuseum.be\/wp-content\/uploads\/2018\/07\/DSF6588-740x1024.jpg\" alt=\"\" class=\"wp-image-251 size-full\" srcset=\"https:\/\/www.magrittemuseum.be\/wp-content\/uploads\/2018\/07\/DSF6588-740x1024.jpg 740w, https:\/\/www.magrittemuseum.be\/wp-content\/uploads\/2018\/07\/DSF6588-217x300.jpg 217w, https:\/\/www.magrittemuseum.be\/wp-content\/uploads\/2018\/07\/DSF6588-768x1063.jpg 768w, https:\/\/www.magrittemuseum.be\/wp-content\/uploads\/2018\/07\/DSF6588-1260x1744.jpg 1260w\" sizes=\"(max-width: 740px) 100vw, 740px\" \/><\/figure><div class=\"wp-block-media-text__content\">\n<h2 class=\"wp-block-heading\">01.03 \u2013 30.06.2008 :&nbsp;<em>Edmond Van Dooren, r\u00eaver d\u2019un monde futur<\/em><\/h2>\n\n\n\n<p>Le peintre d\u2019avant-garde Edmond Van Dooren fut comme Magritte l\u2019un des pionniers de l\u2019abstraction belge<\/p>\n<\/div><\/div>\n\n\n\n<div class=\"wp-block-media-text is-stacked-on-mobile is-image-fill\" style=\"grid-template-columns:35% auto\"><figure class=\"wp-block-media-text__media\" style=\"background-image:url(https:\/\/www.magrittemuseum.be\/wp-content\/uploads\/2018\/07\/DSF0415-e1530711442193-790x1024.jpg);background-position:46% 8%\"><img loading=\"lazy\" decoding=\"async\" width=\"790\" height=\"1024\" src=\"https:\/\/www.magrittemuseum.be\/wp-content\/uploads\/2018\/07\/DSF0415-e1530711442193-790x1024.jpg\" alt=\"\" class=\"wp-image-198 size-full\" srcset=\"https:\/\/www.magrittemuseum.be\/wp-content\/uploads\/2018\/07\/DSF0415-e1530711442193-790x1024.jpg 790w, https:\/\/www.magrittemuseum.be\/wp-content\/uploads\/2018\/07\/DSF0415-e1530711442193-231x300.jpg 231w, https:\/\/www.magrittemuseum.be\/wp-content\/uploads\/2018\/07\/DSF0415-e1530711442193-768x996.jpg 768w, https:\/\/www.magrittemuseum.be\/wp-content\/uploads\/2018\/07\/DSF0415-e1530711442193-1260x1634.jpg 1260w\" sizes=\"(max-width: 790px) 100vw, 790px\" \/><\/figure><div class=\"wp-block-media-text__content\">\n<h2 class=\"wp-block-heading\">03.01 \u2013 31.03.2007 :&nbsp;<em>ELT Mesens chez Magritte,&nbsp;au rendez-vous des surr\u00e9alistes<\/em><\/h2>\n\n\n\n<p>Itin\u00e9raire de l\u2019enfant terrible du surr\u00e9alisme belge, le po\u00e8te, musicien, collagiste et amateur d\u2019art ELT Mesens.<\/p>\n<\/div><\/div>\n\n\n\n<div class=\"wp-block-media-text is-stacked-on-mobile is-image-fill has-base-2-background-color has-background\" style=\"grid-template-columns:35% auto\"><figure class=\"wp-block-media-text__media\" style=\"background-image:url(https:\/\/www.magrittemuseum.be\/wp-content\/uploads\/2018\/07\/DSF4955-1-e1531388451727-618x1024.jpg);background-position:48% 39%\"><img loading=\"lazy\" decoding=\"async\" width=\"618\" height=\"1024\" src=\"https:\/\/www.magrittemuseum.be\/wp-content\/uploads\/2018\/07\/DSF4955-1-e1531388451727-618x1024.jpg\" alt=\"\" class=\"wp-image-520 size-full\" srcset=\"https:\/\/www.magrittemuseum.be\/wp-content\/uploads\/2018\/07\/DSF4955-1-e1531388451727-618x1024.jpg 618w, https:\/\/www.magrittemuseum.be\/wp-content\/uploads\/2018\/07\/DSF4955-1-e1531388451727-181x300.jpg 181w, https:\/\/www.magrittemuseum.be\/wp-content\/uploads\/2018\/07\/DSF4955-1-e1531388451727-768x1272.jpg 768w, https:\/\/www.magrittemuseum.be\/wp-content\/uploads\/2018\/07\/DSF4955-1-e1531388451727-1260x2086.jpg 1260w\" sizes=\"(max-width: 618px) 100vw, 618px\" \/><\/figure><div class=\"wp-block-media-text__content\">\n<h2 class=\"wp-block-heading\">04.01 \u2013 31.03.2006 :&nbsp;<em>Ren\u00e9 Magritte invite Ren\u00e9 Guiette<\/em><\/h2>\n\n\n\n<p>L\u2019artiste abstrait anversois Ren\u00e9 Guiette, un contemporain de Magritte, est expos\u00e9 \u00e0 travers une s\u00e9rie d\u2019\u0153uvres de la collection du mus\u00e9e.<\/p>\n<\/div><\/div>\n","protected":false},"excerpt":{"rendered":"<p>07.11.2024 &#8211; 01.06.2025 : En compagnie de Ren\u00e9 Magritte : Les amiti\u00e9s belges En Compagnie de Ren\u00e9 Magritte : Les amiti\u00e9s belges&nbsp;est une exposition collective autour des relations de Magritte, qu\u2019elles soient fid\u00e8les, br\u00e8ves ou conflictuelles, tant au sein du cercle surr\u00e9aliste qu\u2019au-del\u00e0. Un v\u00e9ritable voyage dans la sc\u00e8ne artistique belge du si\u00e8cle dernier o\u00f9 &#8230; <a title=\"Expositions pass\u00e9es\" class=\"read-more\" href=\"https:\/\/www.magrittemuseum.be\/index.php\/fr\/visite\/expositions-temporaires-2\/expositions-temporaires\/\" aria-label=\"En savoir plus sur Expositions pass\u00e9es\">Lire la suite<\/a><\/p>\n","protected":false},"author":1,"featured_media":0,"parent":3942,"menu_order":3,"comment_status":"closed","ping_status":"closed","template":"","meta":{"footnotes":""},"_links":{"self":[{"href":"https:\/\/www.magrittemuseum.be\/index.php\/wp-json\/wp\/v2\/pages\/239"}],"collection":[{"href":"https:\/\/www.magrittemuseum.be\/index.php\/wp-json\/wp\/v2\/pages"}],"about":[{"href":"https:\/\/www.magrittemuseum.be\/index.php\/wp-json\/wp\/v2\/types\/page"}],"author":[{"embeddable":true,"href":"https:\/\/www.magrittemuseum.be\/index.php\/wp-json\/wp\/v2\/users\/1"}],"replies":[{"embeddable":true,"href":"https:\/\/www.magrittemuseum.be\/index.php\/wp-json\/wp\/v2\/comments?post=239"}],"version-history":[{"count":36,"href":"https:\/\/www.magrittemuseum.be\/index.php\/wp-json\/wp\/v2\/pages\/239\/revisions"}],"predecessor-version":[{"id":6088,"href":"https:\/\/www.magrittemuseum.be\/index.php\/wp-json\/wp\/v2\/pages\/239\/revisions\/6088"}],"up":[{"embeddable":true,"href":"https:\/\/www.magrittemuseum.be\/index.php\/wp-json\/wp\/v2\/pages\/3942"}],"wp:attachment":[{"href":"https:\/\/www.magrittemuseum.be\/index.php\/wp-json\/wp\/v2\/media?parent=239"}],"curies":[{"name":"wp","href":"https:\/\/api.w.org\/{rel}","templated":true}]}}