{"id":279,"date":"2018-07-05T11:30:04","date_gmt":"2018-07-05T09:30:04","guid":{"rendered":"http:\/\/magrittel.cluster014.ovh.net\/magrittemuseum.be\/?page_id=279"},"modified":"2025-08-06T16:41:14","modified_gmt":"2025-08-06T14:41:14","slug":"publication-recherche","status":"publish","type":"page","link":"https:\/\/www.magrittemuseum.be\/index.php\/fr\/visite\/publication-recherche\/","title":{"rendered":"Publication &#038; recherche"},"content":{"rendered":"\n<p>Outre l&rsquo;organisation d&rsquo;expositions temporaires et d&rsquo;activit\u00e9s pour le public, l&rsquo;\u00e9quipe du mus\u00e9e Ren\u00e9 Magritte publie r\u00e9guli\u00e8rement des ouvrages consacr\u00e9s aux artistes de sa collection.<\/p>\n\n\n\n<p>Les personnes ayant un grand int\u00e9r\u00eat pour l&rsquo;art moderne et l&rsquo;abstraction en particulier peuvent se manifester pour une collaboration \u00e9ventuelle. Merci de nous contacter par <a href=\"mailto:info@magrittemuseum.be\">mail<\/a>.<\/p>\n\n\n\n<h4 class=\"wp-block-heading\"><\/h4>\n\n\n\n<p><\/p>\n\n\n\n<h2 class=\"wp-block-heading\"><em>Ren\u00e9e<\/em> <em>Demeester. Paysages abstraits \u2013 Abstracte landschappen<\/em><\/h2>\n\n\n\n<div class=\"wp-block-media-text is-stacked-on-mobile\" style=\"grid-template-columns:35% auto\"><figure class=\"wp-block-media-text__media\"><img loading=\"lazy\" decoding=\"async\" width=\"918\" height=\"1024\" src=\"https:\/\/www.magrittemuseum.be\/wp-content\/uploads\/2022\/11\/Persdossier-NL-Expo-Demeester-2-918x1024.jpg\" alt=\"\" class=\"wp-image-3971 size-full\" srcset=\"https:\/\/www.magrittemuseum.be\/wp-content\/uploads\/2022\/11\/Persdossier-NL-Expo-Demeester-2-918x1024.jpg 918w, https:\/\/www.magrittemuseum.be\/wp-content\/uploads\/2022\/11\/Persdossier-NL-Expo-Demeester-2-269x300.jpg 269w, https:\/\/www.magrittemuseum.be\/wp-content\/uploads\/2022\/11\/Persdossier-NL-Expo-Demeester-2-768x857.jpg 768w, https:\/\/www.magrittemuseum.be\/wp-content\/uploads\/2022\/11\/Persdossier-NL-Expo-Demeester-2.jpg 963w\" sizes=\"(max-width: 918px) 100vw, 918px\" \/><\/figure><div class=\"wp-block-media-text__content\">\n<p>Andr\u00e9 Garitte, Chlo\u00e9 Thibault, Stefan Wouters. 184p. Ed. Ren\u00e9 Magritte Museum\/Pandora, 2022.<\/p>\n\n\n\n<p><strong>R\u00e9sum\u00e9 :<\/strong>&nbsp;L\u2019ouvrage retrace le parcours de l\u2019artiste belge r\u00e9cemment disparue. R\u00e9alis\u00e9 par l\u2019\u00e9quipe du mus\u00e9e en collaboration avec sa famille, il d\u00e9voile une vie d\u00e9di\u00e9e \u00e0 l\u2019art, \u00e0 travers des textes et photographies in\u00e9dites. La moiti\u00e9 du catalogue pr\u00e9sente des illustrations en pleine page de peintures et dessins. Cet ouvrage s\u2019accompagne d\u2019une exposition au Mus\u00e9e Magritte rassemblant des toiles abstraites inspir\u00e9es des lieux qui lui \u00e9taient chers : de la nature luxuriante du Katanga aux prairies cl\u00f4tur\u00e9es du Pajottenland, des espaces construits de Bruxelles aux horizons ouverts de la mer du Nord.<\/p>\n<\/div><\/div>\n\n\n\n<p><\/p>\n\n\n\n<h2 class=\"wp-block-heading\"><em>Diversit\u00e9 abstraite<\/em><\/h2>\n\n\n\n<div class=\"wp-block-media-text is-stacked-on-mobile is-vertically-aligned-center has-base-2-background-color has-background\" style=\"grid-template-columns:35% auto\"><figure class=\"wp-block-media-text__media\"><img loading=\"lazy\" decoding=\"async\" width=\"722\" height=\"1024\" src=\"https:\/\/www.magrittemuseum.be\/wp-content\/uploads\/2020\/07\/CCF010720-722x1024.jpg\" alt=\"\" class=\"wp-image-1536 size-full\" srcset=\"https:\/\/www.magrittemuseum.be\/wp-content\/uploads\/2020\/07\/CCF010720-722x1024.jpg 722w, https:\/\/www.magrittemuseum.be\/wp-content\/uploads\/2020\/07\/CCF010720-211x300.jpg 211w, https:\/\/www.magrittemuseum.be\/wp-content\/uploads\/2020\/07\/CCF010720-768x1089.jpg 768w, https:\/\/www.magrittemuseum.be\/wp-content\/uploads\/2020\/07\/CCF010720-1260x1787.jpg 1260w, https:\/\/www.magrittemuseum.be\/wp-content\/uploads\/2020\/07\/CCF010720.jpg 1637w\" sizes=\"(max-width: 722px) 100vw, 722px\" \/><\/figure><div class=\"wp-block-media-text__content\">\n<p>Andr\u00e9 Garitte, 193p. Ed. Ren\u00e9 Magritte Museum\/Pandora, 2019<\/p>\n\n\n\n<p><strong>R\u00e9sum\u00e9<\/strong> : Le Mus\u00e9e d\u2019Art Abstrait ouvre ses portes en novembre 2019 \u00e0 Jette (Bruxelles). Premier mus\u00e9e du genre en Belgique et quatri\u00e8me au monde, il est situ\u00e9 juste \u00e0 c\u00f4t\u00e9 du Mus\u00e9e Ren\u00e9 Magritte auquel il est reli\u00e9. En 2010, nous avions d\u00e9j\u00e0 publi\u00e9 Un si\u00e8cle d\u2019art abstrait, une vue d\u2019ensemble des 100 abstraits belges les plus importants. Le catalogue du nouveau mus\u00e9e poss\u00e8de in\u00e9vitablement une autre approche. Celui qui d\u00e9couvre l\u2019abstraction p\u00e9n\u00e8tre dans un monde dont il ne reviendra sans doute jamais. On d\u00e9couvre assez rapidement qu\u2019il y a de la non-figuration g\u00e9om\u00e9trique et lyrique. Qu\u2019il y a eu une premi\u00e8re g\u00e9n\u00e9ration dans les ann\u00e9es 1910-1920 et une deuxi\u00e8me g\u00e9n\u00e9ration apr\u00e8s la seconde guerre mondiale. Qu\u2019il y a des sculpteurs abstraits mais \u00e9galement des artistes cin\u00e9tiques ou optiques. Mais celui qui creuse plus loin dans cet art d\u2019avant-garde d\u00e9couvre qu\u2019il y a encore de nombreux styles, tendances et parent\u00e9s. Qu\u2019il s\u2019agisse de liens avec le surr\u00e9alisme (int\u00e9ressant pour notre double mus\u00e9e), la musique, les paysages g\u00e9om\u00e9triques jusqu\u2019\u00e0 l\u2019abstraction dans l\u2019espace public, d\u2019\u0153uvres en noir et blanc \u00e0 des explosions de couleur, de couples d\u2019artistes abstraits \u00e0 des \u0153uvres m\u00e9ditatives et parfois m\u00eame myst\u00e9rieuses. Nous avons trouv\u00e9 62 cat\u00e9gories au total, mais il y en a vraisemblablement quelques-unes de plus. Chaque cat\u00e9gorie comprend deux ou plusieurs exemples convaincants, tous se trouvent dans la collection du mus\u00e9e. Au final, ce livre montre \u00e0 nouveau l\u2019\u00e9norme richesse et la diversit\u00e9 de l\u2019art abstrait, un mouvement qui est encore largement sous-estim\u00e9 mais qui prouve apr\u00e8s un si\u00e8cle comme il reste vivant et surprenant.<\/p>\n<\/div><\/div>\n\n\n\n<p><\/p>\n\n\n\n<h2 class=\"wp-block-heading\"><em>Le code Magritte<\/em><\/h2>\n\n\n\n<div class=\"wp-block-media-text is-stacked-on-mobile\" style=\"grid-template-columns:35% auto\"><figure class=\"wp-block-media-text__media\"><img loading=\"lazy\" decoding=\"async\" width=\"726\" height=\"1024\" src=\"https:\/\/www.magrittemuseum.be\/wp-content\/uploads\/2018\/07\/covercodemagritte-1-726x1024.jpg\" alt=\"\" class=\"wp-image-443 size-full\" srcset=\"https:\/\/www.magrittemuseum.be\/wp-content\/uploads\/2018\/07\/covercodemagritte-1-726x1024.jpg 726w, https:\/\/www.magrittemuseum.be\/wp-content\/uploads\/2018\/07\/covercodemagritte-1-213x300.jpg 213w, https:\/\/www.magrittemuseum.be\/wp-content\/uploads\/2018\/07\/covercodemagritte-1-768x1083.jpg 768w, https:\/\/www.magrittemuseum.be\/wp-content\/uploads\/2018\/07\/covercodemagritte-1.jpg 1172w\" sizes=\"(max-width: 726px) 100vw, 726px\" \/><\/figure><div class=\"wp-block-media-text__content\">\n<p>Andr\u00e9 Garitte, 71p. Ed. Ren\u00e9 Magritte Museum\/Pandora, 2017<\/p>\n\n\n\n<p><strong>R\u00e9sum\u00e9:&nbsp;<\/strong>Tenter de classer de de subdiviser l\u2019ensemble de l\u2019oeuvre de Ren\u00e9 Magritte (1898-1967) fut le d\u00e9fi de cette recherche. Elle s\u2019est bas\u00e9e sur les id\u00e9es originales ou les trouvailles que le peintre avait imagin\u00e9es. Au total, nous avons d\u00e9termin\u00e9 103 cat\u00e9gories, \u00e0 savoir des th\u00e8mes \u00e0 part enti\u00e8re qui sont ind\u00e9pendants et comptent au moins cinq exemples. Il semble soudain que l\u2019on peut avoir une prise sur les 1700 peintures et gouaches de Magritte. C\u2019est un peu comme si un demi-si\u00e8cle apr\u00e8s sa mort, son code avait finalement \u00e9t\u00e9 d\u00e9crypt\u00e9.<\/p>\n<\/div><\/div>\n\n\n\n<p><\/p>\n\n\n\n<h2 class=\"wp-block-heading\"><em>Red\u00e9couverte du surr\u00e9alisme<\/em><\/h2>\n\n\n\n<div class=\"wp-block-media-text is-stacked-on-mobile has-base-2-background-color has-background\" style=\"grid-template-columns:35% auto\"><figure class=\"wp-block-media-text__media\"><img loading=\"lazy\" decoding=\"async\" width=\"834\" height=\"1024\" src=\"https:\/\/www.magrittemuseum.be\/wp-content\/uploads\/2018\/07\/Cover-Red\u00e9couverte-du-surr\u00e9alisme-1-834x1024.jpg\" alt=\"\" class=\"wp-image-281 size-full\" srcset=\"https:\/\/www.magrittemuseum.be\/wp-content\/uploads\/2018\/07\/Cover-Red\u00e9couverte-du-surr\u00e9alisme-1-834x1024.jpg 834w, https:\/\/www.magrittemuseum.be\/wp-content\/uploads\/2018\/07\/Cover-Red\u00e9couverte-du-surr\u00e9alisme-1-244x300.jpg 244w, https:\/\/www.magrittemuseum.be\/wp-content\/uploads\/2018\/07\/Cover-Red\u00e9couverte-du-surr\u00e9alisme-1-768x943.jpg 768w, https:\/\/www.magrittemuseum.be\/wp-content\/uploads\/2018\/07\/Cover-Red\u00e9couverte-du-surr\u00e9alisme-1-1260x1548.jpg 1260w\" sizes=\"(max-width: 834px) 100vw, 834px\" \/><\/figure><div class=\"wp-block-media-text__content\">\n<p>Andr\u00e9 Garitte, 160p. Ed. Ren\u00e9 Magritte Museum\/ Pandora<\/p>\n\n\n\n<p><strong>R\u00e9sum\u00e9 :<\/strong>&nbsp;Ce catalogue pr\u00e9sente la collection surr\u00e9aliste du Mus\u00e9e Ren\u00e9 Magritte qui comprend une centaine d\u2019oeuvres de surr\u00e9alistes belges et leurs fr\u00e8res de sang. Une partie de cet ouvrage est consacr\u00e9 au projet des \u00ab&nbsp;Magritte disparus&nbsp;\u00bb.<\/p>\n<\/div><\/div>\n\n\n\n<p><\/p>\n\n\n\n<h2 class=\"wp-block-heading\"><em>Mus\u00e9e Ren\u00e9 Magritte (1999-2009) : 10 ans<\/em><\/h2>\n\n\n\n<div class=\"wp-block-media-text is-stacked-on-mobile\" style=\"grid-template-columns:35% auto\"><figure class=\"wp-block-media-text__media\"><img loading=\"lazy\" decoding=\"async\" width=\"713\" height=\"1024\" src=\"https:\/\/www.magrittemuseum.be\/wp-content\/uploads\/2018\/07\/couverture10ans-713x1024.jpg\" alt=\"\" class=\"wp-image-285 size-full\" srcset=\"https:\/\/www.magrittemuseum.be\/wp-content\/uploads\/2018\/07\/couverture10ans-713x1024.jpg 713w, https:\/\/www.magrittemuseum.be\/wp-content\/uploads\/2018\/07\/couverture10ans-209x300.jpg 209w, https:\/\/www.magrittemuseum.be\/wp-content\/uploads\/2018\/07\/couverture10ans-768x1102.jpg 768w, https:\/\/www.magrittemuseum.be\/wp-content\/uploads\/2018\/07\/couverture10ans.jpg 864w\" sizes=\"(max-width: 713px) 100vw, 713px\" \/><\/figure><div class=\"wp-block-media-text__content\">\n<p><br>Andr\u00e9 Garitte, 64 p, Ed. Ren\u00e9 Magritte Museum\/ Pandora, 2009.<\/p>\n\n\n\n<p><strong>R\u00e9sum\u00e9 :<\/strong>&nbsp;Dix ans d\u2019existence du Mus\u00e9e Ren\u00e9 Magritte, c\u2019est un moment charni\u00e8re. Ce catalogue nous d\u00e9voile le pass\u00e9, le pr\u00e9sent et l\u2019avenir du mus\u00e9e. Le pass\u00e9 tel que Magritte l\u2019a v\u00e9cu dans sa maison et ce qu\u2019il en a fait (de 1930 \u00e0 1954). Le pr\u00e9sent avec l\u2019\u00e9volution du mus\u00e9e pendant ces dix ans (de 1999 \u00e0 2009). Et l\u2019avenir avec le projet d\u2019extension du mus\u00e9e dans les prochaines ann\u00e9es.<\/p>\n<\/div><\/div>\n\n\n\n<p><\/p>\n\n\n\n<p><\/p>\n\n\n\n<h2 class=\"wp-block-heading\"><em>Un si\u00e8cle d\u2019art abstrait, 100 abstraits belges<\/em><\/h2>\n\n\n\n<div class=\"wp-block-media-text is-stacked-on-mobile has-base-2-background-color has-background\" style=\"grid-template-columns:35% auto\"><figure class=\"wp-block-media-text__media\"><img loading=\"lazy\" decoding=\"async\" width=\"850\" height=\"1024\" src=\"https:\/\/www.magrittemuseum.be\/wp-content\/uploads\/2018\/07\/couverture100abstraits-850x1024.jpg\" alt=\"\" class=\"wp-image-286 size-full\" srcset=\"https:\/\/www.magrittemuseum.be\/wp-content\/uploads\/2018\/07\/couverture100abstraits-850x1024.jpg 850w, https:\/\/www.magrittemuseum.be\/wp-content\/uploads\/2018\/07\/couverture100abstraits-249x300.jpg 249w, https:\/\/www.magrittemuseum.be\/wp-content\/uploads\/2018\/07\/couverture100abstraits-768x926.jpg 768w, https:\/\/www.magrittemuseum.be\/wp-content\/uploads\/2018\/07\/couverture100abstraits.jpg 926w\" sizes=\"(max-width: 850px) 100vw, 850px\" \/><\/figure><div class=\"wp-block-media-text__content\">\n<p>Andr\u00e9 Garitte, 336 p., Ed. Ren\u00e9 Magritte Museum\/ Pandora, 2010.<\/p>\n\n\n\n<p><strong>R\u00e9sum\u00e9 :<\/strong>&nbsp;Ce catalogue paru en septembre 2010, offre un aper\u00e7u des meilleures \u0153uvres de la collection abstraite du Mus\u00e9e Ren\u00e9 Magritte et de la Garitte Foundation. 100 artistes y sont repr\u00e9sent\u00e9s avec une ou plusieurs \u0153uvres. L\u2019objectif est d\u2019offrir une image compl\u00e8te du mouvement abstrait en Belgique et de pr\u00e9senter la collection de la Fondation Garitte qui sera ult\u00e9rieurement expos\u00e9e dans l\u2019extension du Mus\u00e9e Ren\u00e9 Magritte.<\/p>\n<\/div><\/div>\n\n\n\n<p><\/p>\n\n\n\n<hr class=\"wp-block-separator has-alpha-channel-opacity\"\/>\n\n\n\n<p><\/p>\n\n\n\n<h1 class=\"wp-block-heading\">Autre publication :<\/h1>\n\n\n\n<h2 class=\"wp-block-heading\"><em>Philosophie essentielle<\/em><\/h2>\n\n\n\n<div class=\"wp-block-media-text is-stacked-on-mobile\" style=\"grid-template-columns:35% auto\"><figure class=\"wp-block-media-text__media\"><img loading=\"lazy\" decoding=\"async\" width=\"714\" height=\"1024\" src=\"https:\/\/www.magrittemuseum.be\/wp-content\/uploads\/2018\/07\/kernfilo-1-714x1024.jpg\" alt=\"\" class=\"wp-image-444 size-full\" srcset=\"https:\/\/www.magrittemuseum.be\/wp-content\/uploads\/2018\/07\/kernfilo-1-714x1024.jpg 714w, https:\/\/www.magrittemuseum.be\/wp-content\/uploads\/2018\/07\/kernfilo-1-209x300.jpg 209w, https:\/\/www.magrittemuseum.be\/wp-content\/uploads\/2018\/07\/kernfilo-1-768x1101.jpg 768w, https:\/\/www.magrittemuseum.be\/wp-content\/uploads\/2018\/07\/kernfilo-1.jpg 1116w\" sizes=\"(max-width: 714px) 100vw, 714px\" \/><\/figure><div class=\"wp-block-media-text__content\">\n<p><strong>R\u00e9sum\u00e9 :<\/strong>&nbsp;La premi\u00e8re partie de ce livre contient les aphorismes les plus percutants que l\u2019auteur a \u00e9crits ces derni\u00e8res ann\u00e9es. La deuxi\u00e8me partie contient les citations les plus importantes d\u2019autres \u00e9crivains ou penseurs qu\u2019il a rassembl\u00e9es durant quarante ans : de pr\u00e9f\u00e9rence, les plus profonds possible.<\/p>\n<\/div><\/div>\n","protected":false},"excerpt":{"rendered":"<p>Outre l&rsquo;organisation d&rsquo;expositions temporaires et d&rsquo;activit\u00e9s pour le public, l&rsquo;\u00e9quipe du mus\u00e9e Ren\u00e9 Magritte publie r\u00e9guli\u00e8rement des ouvrages consacr\u00e9s aux artistes de sa collection. Les personnes ayant un grand int\u00e9r\u00eat pour l&rsquo;art moderne et l&rsquo;abstraction en particulier peuvent se manifester pour une collaboration \u00e9ventuelle. Merci de nous contacter par mail. Ren\u00e9e Demeester. Paysages abstraits \u2013 &#8230; <a title=\"Publication &#038; recherche\" class=\"read-more\" href=\"https:\/\/www.magrittemuseum.be\/index.php\/fr\/visite\/publication-recherche\/\" aria-label=\"En savoir plus sur Publication &#038; recherche\">Lire la suite<\/a><\/p>\n","protected":false},"author":1,"featured_media":0,"parent":80,"menu_order":4,"comment_status":"closed","ping_status":"closed","template":"","meta":{"footnotes":""},"_links":{"self":[{"href":"https:\/\/www.magrittemuseum.be\/index.php\/wp-json\/wp\/v2\/pages\/279"}],"collection":[{"href":"https:\/\/www.magrittemuseum.be\/index.php\/wp-json\/wp\/v2\/pages"}],"about":[{"href":"https:\/\/www.magrittemuseum.be\/index.php\/wp-json\/wp\/v2\/types\/page"}],"author":[{"embeddable":true,"href":"https:\/\/www.magrittemuseum.be\/index.php\/wp-json\/wp\/v2\/users\/1"}],"replies":[{"embeddable":true,"href":"https:\/\/www.magrittemuseum.be\/index.php\/wp-json\/wp\/v2\/comments?post=279"}],"version-history":[{"count":25,"href":"https:\/\/www.magrittemuseum.be\/index.php\/wp-json\/wp\/v2\/pages\/279\/revisions"}],"predecessor-version":[{"id":6053,"href":"https:\/\/www.magrittemuseum.be\/index.php\/wp-json\/wp\/v2\/pages\/279\/revisions\/6053"}],"up":[{"embeddable":true,"href":"https:\/\/www.magrittemuseum.be\/index.php\/wp-json\/wp\/v2\/pages\/80"}],"wp:attachment":[{"href":"https:\/\/www.magrittemuseum.be\/index.php\/wp-json\/wp\/v2\/media?parent=279"}],"curies":[{"name":"wp","href":"https:\/\/api.w.org\/{rel}","templated":true}]}}