{"id":5025,"date":"2024-06-21T17:18:46","date_gmt":"2024-06-21T15:18:46","guid":{"rendered":"https:\/\/www.magrittemuseum.be\/?page_id=5025"},"modified":"2024-07-18T16:31:13","modified_gmt":"2024-07-18T14:31:13","slug":"klankcreatie","status":"publish","type":"page","link":"https:\/\/www.magrittemuseum.be\/index.php\/nl\/klankcreatie\/","title":{"rendered":"Klankcreatie"},"content":{"rendered":"\n<h2 class=\"wp-block-heading has-text-align-center has-medium-font-size\"><em>Klankcreatie<\/em><\/h2>\n\n\n\n<h2 class=\"wp-block-heading has-text-align-center has-medium-font-size\"><strong>Ren\u00e9 Magritte Museum : 25 jaar (1999-2024)<\/strong><\/h2>\n\n\n\n<div class=\"wp-block-columns is-not-stacked-on-mobile is-layout-flex wp-container-core-columns-is-layout-1 wp-block-columns-is-layout-flex\">\n<div class=\"wp-block-column is-layout-flow wp-block-column-is-layout-flow\"><div class=\"wp-block-image\">\n<figure data-wp-context=\"{&quot;uploadedSrc&quot;:&quot;https:\\\/\\\/www.magrittemuseum.be\\\/wp-content\\\/uploads\\\/2024\\\/06\\\/CCF060621_0110-edited-rotated.jpg&quot;,&quot;figureClassNames&quot;:&quot;aligncenter size-large&quot;,&quot;figureStyles&quot;:null,&quot;imgClassNames&quot;:&quot;wp-image-5090&quot;,&quot;imgStyles&quot;:&quot;object-fit:cover&quot;,&quot;targetWidth&quot;:1110,&quot;targetHeight&quot;:1776,&quot;scaleAttr&quot;:&quot;cover&quot;,&quot;ariaLabel&quot;:&quot;Agrandir l\\u2018image&quot;,&quot;alt&quot;:&quot;&quot;}\" data-wp-interactive=\"core\/image\" class=\"aligncenter size-large wp-lightbox-container\"><img loading=\"lazy\" decoding=\"async\" width=\"1110\" height=\"1776\" data-wp-init=\"callbacks.setButtonStyles\" data-wp-on--click=\"actions.showLightbox\" data-wp-on--load=\"callbacks.setButtonStyles\" data-wp-on-window--resize=\"callbacks.setButtonStyles\" src=\"https:\/\/www.magrittemuseum.be\/wp-content\/uploads\/2024\/06\/CCF060621_0110-edited-rotated.jpg\" alt=\"\" class=\"wp-image-5090\" style=\"object-fit:cover\" srcset=\"https:\/\/www.magrittemuseum.be\/wp-content\/uploads\/2024\/06\/CCF060621_0110-edited-rotated.jpg 1110w, https:\/\/www.magrittemuseum.be\/wp-content\/uploads\/2024\/06\/CCF060621_0110-edited-188x300.jpg 188w, https:\/\/www.magrittemuseum.be\/wp-content\/uploads\/2024\/06\/CCF060621_0110-edited-640x1024.jpg 640w, https:\/\/www.magrittemuseum.be\/wp-content\/uploads\/2024\/06\/CCF060621_0110-edited-768x1229.jpg 768w, https:\/\/www.magrittemuseum.be\/wp-content\/uploads\/2024\/06\/CCF060621_0110-edited-960x1536.jpg 960w\" sizes=\"(max-width: 1110px) 100vw, 1110px\" \/><button\n\t\t\tclass=\"lightbox-trigger\"\n\t\t\ttype=\"button\"\n\t\t\taria-haspopup=\"dialog\"\n\t\t\taria-label=\"Agrandir l\u2018image\"\n\t\t\tdata-wp-init=\"callbacks.initTriggerButton\"\n\t\t\tdata-wp-on--click=\"actions.showLightbox\"\n\t\t\tdata-wp-style--right=\"context.imageButtonRight\"\n\t\t\tdata-wp-style--top=\"context.imageButtonTop\"\n\t\t>\n\t\t\t<svg xmlns=\"http:\/\/www.w3.org\/2000\/svg\" width=\"12\" height=\"12\" fill=\"none\" viewBox=\"0 0 12 12\">\n\t\t\t\t<path fill=\"#fff\" d=\"M2 0a2 2 0 0 0-2 2v2h1.5V2a.5.5 0 0 1 .5-.5h2V0H2Zm2 10.5H2a.5.5 0 0 1-.5-.5V8H0v2a2 2 0 0 0 2 2h2v-1.5ZM8 12v-1.5h2a.5.5 0 0 0 .5-.5V8H12v2a2 2 0 0 1-2 2H8Zm2-12a2 2 0 0 1 2 2v2h-1.5V2a.5.5 0 0 0-.5-.5H8V0h2Z\" \/>\n\t\t\t<\/svg>\n\t\t<\/button><\/figure><\/div><\/div>\n\n\n\n<div class=\"wp-block-column is-layout-flow wp-block-column-is-layout-flow\"><div class=\"wp-block-image\">\n<figure data-wp-context=\"{&quot;uploadedSrc&quot;:&quot;https:\\\/\\\/www.magrittemuseum.be\\\/wp-content\\\/uploads\\\/2024\\\/06\\\/19_DSC4149-edited-scaled.jpg&quot;,&quot;figureClassNames&quot;:&quot;aligncenter size-large&quot;,&quot;figureStyles&quot;:null,&quot;imgClassNames&quot;:&quot;wp-image-5091&quot;,&quot;imgStyles&quot;:&quot;object-fit:cover&quot;,&quot;targetWidth&quot;:1600,&quot;targetHeight&quot;:2560,&quot;scaleAttr&quot;:&quot;cover&quot;,&quot;ariaLabel&quot;:&quot;Agrandir l\\u2018image&quot;,&quot;alt&quot;:&quot;&quot;}\" data-wp-interactive=\"core\/image\" class=\"aligncenter size-large wp-lightbox-container\"><img loading=\"lazy\" decoding=\"async\" width=\"1600\" height=\"2560\" data-wp-init=\"callbacks.setButtonStyles\" data-wp-on--click=\"actions.showLightbox\" data-wp-on--load=\"callbacks.setButtonStyles\" data-wp-on-window--resize=\"callbacks.setButtonStyles\" src=\"https:\/\/www.magrittemuseum.be\/wp-content\/uploads\/2024\/06\/19_DSC4149-edited-scaled.jpg\" alt=\"\" class=\"wp-image-5091\" style=\"object-fit:cover\" srcset=\"https:\/\/www.magrittemuseum.be\/wp-content\/uploads\/2024\/06\/19_DSC4149-edited-scaled.jpg 1600w, https:\/\/www.magrittemuseum.be\/wp-content\/uploads\/2024\/06\/19_DSC4149-edited-187x300.jpg 187w, https:\/\/www.magrittemuseum.be\/wp-content\/uploads\/2024\/06\/19_DSC4149-edited-640x1024.jpg 640w, https:\/\/www.magrittemuseum.be\/wp-content\/uploads\/2024\/06\/19_DSC4149-edited-768x1229.jpg 768w, https:\/\/www.magrittemuseum.be\/wp-content\/uploads\/2024\/06\/19_DSC4149-edited-960x1536.jpg 960w, https:\/\/www.magrittemuseum.be\/wp-content\/uploads\/2024\/06\/19_DSC4149-edited-1280x2048.jpg 1280w, https:\/\/www.magrittemuseum.be\/wp-content\/uploads\/2024\/06\/19_DSC4149-edited-1260x2016.jpg 1260w\" sizes=\"(max-width: 1600px) 100vw, 1600px\" \/><button\n\t\t\tclass=\"lightbox-trigger\"\n\t\t\ttype=\"button\"\n\t\t\taria-haspopup=\"dialog\"\n\t\t\taria-label=\"Agrandir l\u2018image\"\n\t\t\tdata-wp-init=\"callbacks.initTriggerButton\"\n\t\t\tdata-wp-on--click=\"actions.showLightbox\"\n\t\t\tdata-wp-style--right=\"context.imageButtonRight\"\n\t\t\tdata-wp-style--top=\"context.imageButtonTop\"\n\t\t>\n\t\t\t<svg xmlns=\"http:\/\/www.w3.org\/2000\/svg\" width=\"12\" height=\"12\" fill=\"none\" viewBox=\"0 0 12 12\">\n\t\t\t\t<path fill=\"#fff\" d=\"M2 0a2 2 0 0 0-2 2v2h1.5V2a.5.5 0 0 1 .5-.5h2V0H2Zm2 10.5H2a.5.5 0 0 1-.5-.5V8H0v2a2 2 0 0 0 2 2h2v-1.5ZM8 12v-1.5h2a.5.5 0 0 0 .5-.5V8H12v2a2 2 0 0 1-2 2H8Zm2-12a2 2 0 0 1 2 2v2h-1.5V2a.5.5 0 0 0-.5-.5H8V0h2Z\" \/>\n\t\t\t<\/svg>\n\t\t<\/button><\/figure><\/div><\/div>\n\n\n\n<div class=\"wp-block-column is-layout-flow wp-block-column-is-layout-flow\"><div class=\"wp-block-image\">\n<figure data-wp-context=\"{&quot;uploadedSrc&quot;:&quot;https:\\\/\\\/www.magrittemuseum.be\\\/wp-content\\\/uploads\\\/2024\\\/06\\\/EKTA-03-edited-scaled.jpg&quot;,&quot;figureClassNames&quot;:&quot;aligncenter size-large&quot;,&quot;figureStyles&quot;:null,&quot;imgClassNames&quot;:&quot;wp-image-5089&quot;,&quot;imgStyles&quot;:&quot;object-fit:cover&quot;,&quot;targetWidth&quot;:1600,&quot;targetHeight&quot;:2560,&quot;scaleAttr&quot;:&quot;cover&quot;,&quot;ariaLabel&quot;:&quot;Agrandir l\\u2018image&quot;,&quot;alt&quot;:&quot;&quot;}\" data-wp-interactive=\"core\/image\" class=\"aligncenter size-large wp-lightbox-container\"><img loading=\"lazy\" decoding=\"async\" width=\"1600\" height=\"2560\" data-wp-init=\"callbacks.setButtonStyles\" data-wp-on--click=\"actions.showLightbox\" data-wp-on--load=\"callbacks.setButtonStyles\" data-wp-on-window--resize=\"callbacks.setButtonStyles\" src=\"https:\/\/www.magrittemuseum.be\/wp-content\/uploads\/2024\/06\/EKTA-03-edited-scaled.jpg\" alt=\"\" class=\"wp-image-5089\" style=\"object-fit:cover\" srcset=\"https:\/\/www.magrittemuseum.be\/wp-content\/uploads\/2024\/06\/EKTA-03-edited-scaled.jpg 1600w, https:\/\/www.magrittemuseum.be\/wp-content\/uploads\/2024\/06\/EKTA-03-edited-187x300.jpg 187w, https:\/\/www.magrittemuseum.be\/wp-content\/uploads\/2024\/06\/EKTA-03-edited-640x1024.jpg 640w, https:\/\/www.magrittemuseum.be\/wp-content\/uploads\/2024\/06\/EKTA-03-edited-768x1229.jpg 768w, https:\/\/www.magrittemuseum.be\/wp-content\/uploads\/2024\/06\/EKTA-03-edited-960x1536.jpg 960w, https:\/\/www.magrittemuseum.be\/wp-content\/uploads\/2024\/06\/EKTA-03-edited-1280x2048.jpg 1280w, https:\/\/www.magrittemuseum.be\/wp-content\/uploads\/2024\/06\/EKTA-03-edited-1260x2017.jpg 1260w\" sizes=\"(max-width: 1600px) 100vw, 1600px\" \/><button\n\t\t\tclass=\"lightbox-trigger\"\n\t\t\ttype=\"button\"\n\t\t\taria-haspopup=\"dialog\"\n\t\t\taria-label=\"Agrandir l\u2018image\"\n\t\t\tdata-wp-init=\"callbacks.initTriggerButton\"\n\t\t\tdata-wp-on--click=\"actions.showLightbox\"\n\t\t\tdata-wp-style--right=\"context.imageButtonRight\"\n\t\t\tdata-wp-style--top=\"context.imageButtonTop\"\n\t\t>\n\t\t\t<svg xmlns=\"http:\/\/www.w3.org\/2000\/svg\" width=\"12\" height=\"12\" fill=\"none\" viewBox=\"0 0 12 12\">\n\t\t\t\t<path fill=\"#fff\" d=\"M2 0a2 2 0 0 0-2 2v2h1.5V2a.5.5 0 0 1 .5-.5h2V0H2Zm2 10.5H2a.5.5 0 0 1-.5-.5V8H0v2a2 2 0 0 0 2 2h2v-1.5ZM8 12v-1.5h2a.5.5 0 0 0 .5-.5V8H12v2a2 2 0 0 1-2 2H8Zm2-12a2 2 0 0 1 2 2v2h-1.5V2a.5.5 0 0 0-.5-.5H8V0h2Z\" \/>\n\t\t\t<\/svg>\n\t\t<\/button><\/figure><\/div><\/div>\n<\/div>\n\n\n\n<p><strong>Het huis van Magritte is al 25 jaar een museum<\/strong> &#8230;<\/p>\n\n\n\n<p><em>Het Ren\u00e9 Magritte Museum is ontstaan uit passie van de Belgische verzamelaar Andr\u00e9 Garitte. Het museum werd ingehuldigd op 5 juni 1999 in het huis waar de beroemde surrealist 24 jaar lang werkte en woonde. Toevallig valt deze verjaardag samen met de honderdste verjaardag van het surrealisme.&nbsp;<\/em><\/p>\n\n\n\n<figure class=\"wp-block-audio\"><audio controls src=\"https:\/\/www.magrittemuseum.be\/wp-content\/uploads\/2024\/06\/Montage-Magritte-NL-20240606-MASTER.mp3\"><\/audio><\/figure>\n\n\n\n<p><\/p>\n\n\n\n<p class=\"has-text-align-center has-small-font-size\">Een klankcreatie van het Ren\u00e9 Magritte Museum&nbsp;in samenwerking met BNA-BBOT, ter gelegenheid van de 25ste verjaardag van het Ren\u00e9 Magritte Museum in Jette (2024).<\/p>\n\n\n\n<p class=\"has-small-font-size\"><br><strong><em>Ontwerp<\/em><\/strong>: Chlo\u00e9 Thibault &amp; Flavien Gilli\u00e9<br><br><strong><em>Mondelinge bronnen:<\/em><\/strong><br>Interview met Georgette Magritte door Andr\u00e9 Garitte, Schaarbeek, zomer 1983.<br>Interview met Eliane Peeters door Chlo\u00e9 Thibault, Jette, 2018.<br>Eliane Peeters tijdens een bezoek aan het museum, opname door Flavien Gilli\u00e9, Jette, 2018.<br>Interview met Andr\u00e9 Garitte door F. Gilli\u00e9 &amp; C. Thibault, Jette, 2017.<br><br><strong><em>De voorgelezen fragmenten komen uit de boeken:<\/em><\/strong><br>Les Ecrits Complets, Andr\u00e9 Blavier, ed. Flammarion, Parijs, 2001.&nbsp;<br>La destination, Marcel Mari\u00ebn, ed. Les L\u00e8vres Nues, Brussel, 1977.<br>Avec Magritte, Louis Scutenaire, ed. Lebeer Hossmann, Brussel, 1977.<br><\/p>\n\n\n\n<p class=\"has-small-font-size\">&#8230;met de stemmen van :<br>Niels Latomme (Ren\u00e9 Magritte NL)<br>Franck Laveere (Louis Scutenaire NL)<br>Eliz Cicek \/ Ruby Bernabeu-Plous (voice-over NL)<br><\/p>\n\n\n\n<p class=\"has-text-align-center has-small-font-size\">Met de medewerking van <\/p>\n\n\n<div class=\"wp-block-image\">\n<figure class=\"aligncenter size-large is-resized\"><a href=\"https:\/\/www.bna-bbot.be\/nl\/\"><img loading=\"lazy\" decoding=\"async\" width=\"1024\" height=\"210\" src=\"https:\/\/www.magrittemuseum.be\/wp-content\/uploads\/2024\/06\/Capture-decran-2024-06-27-a-13.45.17-1024x210.png\" alt=\"\" class=\"wp-image-5155\" style=\"width:185px;height:auto\" srcset=\"https:\/\/www.magrittemuseum.be\/wp-content\/uploads\/2024\/06\/Capture-decran-2024-06-27-a-13.45.17-1024x210.png 1024w, https:\/\/www.magrittemuseum.be\/wp-content\/uploads\/2024\/06\/Capture-decran-2024-06-27-a-13.45.17-300x62.png 300w, https:\/\/www.magrittemuseum.be\/wp-content\/uploads\/2024\/06\/Capture-decran-2024-06-27-a-13.45.17-768x158.png 768w, https:\/\/www.magrittemuseum.be\/wp-content\/uploads\/2024\/06\/Capture-decran-2024-06-27-a-13.45.17-1260x259.png 1260w, https:\/\/www.magrittemuseum.be\/wp-content\/uploads\/2024\/06\/Capture-decran-2024-06-27-a-13.45.17.png 1412w\" sizes=\"(max-width: 1024px) 100vw, 1024px\" \/><\/a><\/figure><\/div>\n\n\n<p><\/p>\n\n\n\n<p><\/p>\n\n\n\n<p><\/p>\n\n\n\n<p class=\"has-text-align-center has-small-font-size\"><em>We willen graag bedanken <\/em><br><em>De Nationale Loterij en haar spelers<br>en het Brussels Gewest.<\/em><\/p>\n\n\n<div class=\"wp-block-image\">\n<figure class=\"aligncenter size-large is-resized\"><img loading=\"lazy\" decoding=\"async\" width=\"1024\" height=\"156\" src=\"https:\/\/www.magrittemuseum.be\/wp-content\/uploads\/2024\/06\/Logo_Loterie_SAFEZONE_BASELINE_FR-NL_CMYK-1024x156.png\" alt=\"\" class=\"wp-image-5082\" style=\"aspect-ratio:6.564102564102564;width:248px;height:auto\" srcset=\"https:\/\/www.magrittemuseum.be\/wp-content\/uploads\/2024\/06\/Logo_Loterie_SAFEZONE_BASELINE_FR-NL_CMYK-1024x156.png 1024w, https:\/\/www.magrittemuseum.be\/wp-content\/uploads\/2024\/06\/Logo_Loterie_SAFEZONE_BASELINE_FR-NL_CMYK-300x46.png 300w, https:\/\/www.magrittemuseum.be\/wp-content\/uploads\/2024\/06\/Logo_Loterie_SAFEZONE_BASELINE_FR-NL_CMYK-768x117.png 768w, https:\/\/www.magrittemuseum.be\/wp-content\/uploads\/2024\/06\/Logo_Loterie_SAFEZONE_BASELINE_FR-NL_CMYK-1536x234.png 1536w, https:\/\/www.magrittemuseum.be\/wp-content\/uploads\/2024\/06\/Logo_Loterie_SAFEZONE_BASELINE_FR-NL_CMYK-2048x311.png 2048w, https:\/\/www.magrittemuseum.be\/wp-content\/uploads\/2024\/06\/Logo_Loterie_SAFEZONE_BASELINE_FR-NL_CMYK-1260x192.png 1260w\" sizes=\"(max-width: 1024px) 100vw, 1024px\" \/><\/figure><\/div>","protected":false},"excerpt":{"rendered":"<p>Klankcreatie Ren\u00e9 Magritte Museum : 25 jaar (1999-2024) Het huis van Magritte is al 25 jaar een museum &#8230; Het Ren\u00e9 Magritte Museum is ontstaan uit passie van de Belgische verzamelaar Andr\u00e9 Garitte. Het museum werd ingehuldigd op 5 juni 1999 in het huis waar de beroemde surrealist 24 jaar lang werkte en woonde. Toevallig &#8230; <a title=\"Klankcreatie\" class=\"read-more\" href=\"https:\/\/www.magrittemuseum.be\/index.php\/nl\/klankcreatie\/\" aria-label=\"En savoir plus sur Klankcreatie\">Lire la suite<\/a><\/p>\n","protected":false},"author":1,"featured_media":0,"parent":0,"menu_order":0,"comment_status":"closed","ping_status":"closed","template":"","meta":{"footnotes":""},"_links":{"self":[{"href":"https:\/\/www.magrittemuseum.be\/index.php\/wp-json\/wp\/v2\/pages\/5025"}],"collection":[{"href":"https:\/\/www.magrittemuseum.be\/index.php\/wp-json\/wp\/v2\/pages"}],"about":[{"href":"https:\/\/www.magrittemuseum.be\/index.php\/wp-json\/wp\/v2\/types\/page"}],"author":[{"embeddable":true,"href":"https:\/\/www.magrittemuseum.be\/index.php\/wp-json\/wp\/v2\/users\/1"}],"replies":[{"embeddable":true,"href":"https:\/\/www.magrittemuseum.be\/index.php\/wp-json\/wp\/v2\/comments?post=5025"}],"version-history":[{"count":36,"href":"https:\/\/www.magrittemuseum.be\/index.php\/wp-json\/wp\/v2\/pages\/5025\/revisions"}],"predecessor-version":[{"id":5199,"href":"https:\/\/www.magrittemuseum.be\/index.php\/wp-json\/wp\/v2\/pages\/5025\/revisions\/5199"}],"wp:attachment":[{"href":"https:\/\/www.magrittemuseum.be\/index.php\/wp-json\/wp\/v2\/media?parent=5025"}],"curies":[{"name":"wp","href":"https:\/\/api.w.org\/{rel}","templated":true}]}}