{"id":6162,"date":"2026-03-08T12:32:23","date_gmt":"2026-03-08T11:32:23","guid":{"rendered":"https:\/\/www.magrittemuseum.be\/?page_id=6162"},"modified":"2026-03-08T12:32:24","modified_gmt":"2026-03-08T11:32:24","slug":"visite-guidee-parcours-dartiste-samedi-18-04-a-1130-1430","status":"publish","type":"page","link":"https:\/\/www.magrittemuseum.be\/index.php\/fr\/visite-guidee-parcours-dartiste-samedi-18-04-a-1130-1430\/","title":{"rendered":"Visite guid\u00e9e \u00ab\u00a0Parcours d&rsquo;artiste\u00a0\u00bb, samedi 18\/04 \u00e0 11:30 &amp; 14:30"},"content":{"rendered":"\n<div class=\"wp-block-media-text is-stacked-on-mobile\"><figure class=\"wp-block-media-text__media\"><img loading=\"lazy\" decoding=\"async\" width=\"724\" height=\"1024\" src=\"https:\/\/www.magrittemuseum.be\/wp-content\/uploads\/2026\/03\/Affiche-APA-2026-724x1024.jpg\" alt=\"\" class=\"wp-image-6163 size-full\"\/><\/figure><div class=\"wp-block-media-text__content\">\n<p>Dans le cadre du parcours d&rsquo;artistes de Jette, nous vous invitons \u00e0 d\u00e9couvrir l&rsquo;appartement dans lequel Ren\u00e9 Magritte a habit\u00e9 24 ans. Cet endroit \u00e9tait \u00e0 la fois un lieu de cr\u00e9ation et d&rsquo;inspiration pour l&rsquo;artiste, qui y a peint environ la moiti\u00e9 de son \u0153uvre.<\/p>\n\n\n\n<h2 class=\"wp-block-heading\">Informations pratiques : <\/h2>\n\n\n\n<ul>\n<li>Quand le samedi 18 avril \u00e0 11:30 et 14:30<\/li>\n\n\n\n<li>Dur\u00e9e : 35 min.<\/li>\n\n\n\n<li>Prix : Gratuit (attention, la visite ne donne pas acc\u00e8s au reste du mus\u00e9e)<\/li>\n\n\n\n<li><strong>inscription obligatoire<\/strong> via <a href=\"mailto:reservation@magrittemuseum.be\">reservation@magrittemuseum.be<\/a><\/li>\n<\/ul>\n<\/div><\/div>\n","protected":false},"excerpt":{"rendered":"","protected":false},"author":1,"featured_media":0,"parent":0,"menu_order":0,"comment_status":"closed","ping_status":"closed","template":"","meta":{"footnotes":""},"_links":{"self":[{"href":"https:\/\/www.magrittemuseum.be\/index.php\/wp-json\/wp\/v2\/pages\/6162"}],"collection":[{"href":"https:\/\/www.magrittemuseum.be\/index.php\/wp-json\/wp\/v2\/pages"}],"about":[{"href":"https:\/\/www.magrittemuseum.be\/index.php\/wp-json\/wp\/v2\/types\/page"}],"author":[{"embeddable":true,"href":"https:\/\/www.magrittemuseum.be\/index.php\/wp-json\/wp\/v2\/users\/1"}],"replies":[{"embeddable":true,"href":"https:\/\/www.magrittemuseum.be\/index.php\/wp-json\/wp\/v2\/comments?post=6162"}],"version-history":[{"count":1,"href":"https:\/\/www.magrittemuseum.be\/index.php\/wp-json\/wp\/v2\/pages\/6162\/revisions"}],"predecessor-version":[{"id":6164,"href":"https:\/\/www.magrittemuseum.be\/index.php\/wp-json\/wp\/v2\/pages\/6162\/revisions\/6164"}],"wp:attachment":[{"href":"https:\/\/www.magrittemuseum.be\/index.php\/wp-json\/wp\/v2\/media?parent=6162"}],"curies":[{"name":"wp","href":"https:\/\/api.w.org\/{rel}","templated":true}]}}