{"id":80,"date":"2018-07-03T14:48:30","date_gmt":"2018-07-03T12:48:30","guid":{"rendered":"http:\/\/magrittel.cluster014.ovh.net\/magrittemuseum.be\/?page_id=80"},"modified":"2026-01-08T13:19:18","modified_gmt":"2026-01-08T12:19:18","slug":"visite","status":"publish","type":"page","link":"https:\/\/www.magrittemuseum.be\/index.php\/fr\/visite\/","title":{"rendered":"Informations pratiques"},"content":{"rendered":"\n<div class=\"wp-block-cover has-parallax is-repeated\"><span aria-hidden=\"true\" class=\"wp-block-cover__background has-base-3-background-color has-background-dim-20 has-background-dim\"><\/span><div class=\"wp-block-cover__image-background wp-image-4997 has-parallax is-repeated\" style=\"background-position:50% 90%;background-image:url(https:\/\/www.magrittemuseum.be\/wp-content\/uploads\/2024\/06\/image.png)\"><\/div><div class=\"wp-block-cover__inner-container is-layout-constrained wp-block-cover-is-layout-constrained\">\n<p class=\"has-text-align-center has-large-font-size\"><\/p>\n<\/div><\/div>\n\n\n\n<div class=\"wp-block-buttons is-content-justification-center is-layout-flex wp-container-core-buttons-is-layout-1 wp-block-buttons-is-layout-flex\">\n<div class=\"wp-block-button\"><a class=\"wp-block-button__link wp-element-button\" href=\"https:\/\/www.visit.brussels\/fr\/visiteurs\/venue-details.Musee-Rene-Magritte-Maison.233245\" style=\"border-radius:5px\">Acheter un ticket<\/a><\/div>\n\n\n\n<div class=\"wp-block-button\"><a class=\"wp-block-button__link wp-element-button\" href=\"#Tarifs\" style=\"border-radius:5px\">Tarifs<\/a><\/div>\n\n\n\n<div class=\"wp-block-button\"><a class=\"wp-block-button__link wp-element-button\" href=\"#Groupes\" style=\"border-radius:5px\">Groupes<\/a><\/div>\n\n\n\n<div class=\"wp-block-button\"><a class=\"wp-block-button__link wp-element-button\" href=\"#Adresse\" style=\"border-radius:5px\">Adresse<\/a><\/div>\n\n\n\n<div class=\"wp-block-button\"><a class=\"wp-block-button__link wp-element-button\" href=\"#Heures_ouverture\" style=\"border-radius:5px\">Heures d&rsquo;ouverture<\/a><\/div>\n<\/div>\n\n\n\n<div style=\"height:30px\" aria-hidden=\"true\" class=\"wp-block-spacer\"><\/div>\n\n\n\n<div class=\"wp-block-columns is-layout-flex wp-container-core-columns-is-layout-1 wp-block-columns-is-layout-flex\">\n<div class=\"wp-block-column is-layout-flow wp-block-column-is-layout-flow\">\n<h2 class=\"wp-block-heading\" id=\"Tarifs\"><strong>Tarifs<\/strong><\/h2>\n\n\n\n<p><strong>12 \u20ac\u00a0<\/strong>(plein tarif)<br><strong>8 \u20ac<\/strong>\u00a0(moins 23 ans)<br><strong>6 \u20ac<\/strong>\u00a0(jettois)<br><strong>1,25 \u20ac <\/strong>(Article 27)<\/p>\n\n\n\n<p><strong>Gratuit<\/strong> pour les enfants jusqu\u2019\u00e0 8 ans inclus.<br><strong>Gratuit<\/strong> avec la Brussels Card et le museumPASSmus\u00e9es.<\/p>\n\n\n\n<div class=\"wp-block-group is-nowrap is-layout-flex wp-container-core-group-is-layout-1 wp-block-group-is-layout-flex\"><div class=\"wp-block-image\">\n<figure class=\"aligncenter is-resized\"><a href=\"https:\/\/visit.brussels\/fr\/sites\/brusselscard\/\"><img loading=\"lazy\" decoding=\"async\" width=\"300\" height=\"129\" src=\"https:\/\/www.magrittemuseum.be\/wp-content\/uploads\/2018\/07\/LogoBC-300x129.png\" alt=\"\" class=\"wp-image-81\" style=\"width:auto;height:50px\" srcset=\"https:\/\/www.magrittemuseum.be\/wp-content\/uploads\/2018\/07\/LogoBC-300x129.png 300w, https:\/\/www.magrittemuseum.be\/wp-content\/uploads\/2018\/07\/LogoBC-768x329.png 768w, https:\/\/www.magrittemuseum.be\/wp-content\/uploads\/2018\/07\/LogoBC.png 1000w\" sizes=\"(max-width: 300px) 100vw, 300px\" \/><\/a><\/figure><\/div>\n\n<div class=\"wp-block-image\">\n<figure class=\"aligncenter is-resized\"><a href=\"https:\/\/www.museumpassmusees.be\/fr?refm=fb0a0d88-dd1f-455c-9942-04c14bf53e30\"><img decoding=\"async\" src=\"https:\/\/www.magrittemuseum.be\/wp-content\/uploads\/2021\/07\/MPM_logo_RGB_POS_vert-300x205.png\" alt=\"\" class=\"wp-image-1882\" style=\"width:auto;height:70px\"\/><\/a><\/figure><\/div>\n\n<div class=\"wp-block-image\">\n<figure class=\"aligncenter is-resized\"><a href=\"https:\/\/bruxelles.article27.be\/\"><img loading=\"lazy\" decoding=\"async\" width=\"150\" height=\"150\" src=\"https:\/\/www.magrittemuseum.be\/wp-content\/uploads\/2021\/02\/art27_bxl_cs3_maj_nblogo-150x150.png\" alt=\"\" class=\"wp-image-1807\" style=\"width:auto;height:50px\" srcset=\"https:\/\/www.magrittemuseum.be\/wp-content\/uploads\/2021\/02\/art27_bxl_cs3_maj_nblogo-150x150.png 150w, https:\/\/www.magrittemuseum.be\/wp-content\/uploads\/2021\/02\/art27_bxl_cs3_maj_nblogo-300x300.png 300w, https:\/\/www.magrittemuseum.be\/wp-content\/uploads\/2021\/02\/art27_bxl_cs3_maj_nblogo-140x140.png 140w\" sizes=\"(max-width: 150px) 100vw, 150px\" \/><\/a><\/figure><\/div>\n\n\n<p><\/p>\n<\/div>\n<\/div>\n\n\n\n<div class=\"wp-block-column is-layout-flow wp-block-column-is-layout-flow\">\n<h2 class=\"wp-block-heading\" id=\"Groupes\"><strong>Groupes<\/strong><\/h2>\n\n\n\n<p>Pour toute visite d\u2019un groupe de&nbsp;<strong>plus de 8 personnes<\/strong>, nous vous prions de bien vouloir envoyer un mail \u00e0&nbsp;<a href=\"mailto:%20reservation@magrittemuseum.be\">reservation@magrittemuseum.be<\/a>&nbsp;afin de vous recevoir dans les meilleures conditions.<\/p>\n\n\n\n<p>R\u00e9servation de visite guid\u00e9e : <a href=\"mailto:%20reservation@magrittemuseum.be\">reservation@magrittemuseum.be<\/a><\/p>\n<\/div>\n<\/div>\n\n\n\n<div class=\"wp-block-columns is-layout-flex wp-container-core-columns-is-layout-2 wp-block-columns-is-layout-flex\">\n<div class=\"wp-block-column is-layout-flow wp-block-column-is-layout-flow\">\n<h2 class=\"wp-block-heading\" id=\"Adresse\"><strong>Adresse<\/strong><\/h2>\n\n\n\n<p class=\"has-text-align-left\">Mus\u00e9e Ren\u00e9 Magritte &#8211; Mus\u00e9e d&rsquo;Art Abstrait<br>Rue Esseghem 137<br>1090 Jette (Bruxelles)<br>T\u00e9l : 0032 (0) 2 428 26 26<br>E-mail :&nbsp;<a href=\"mailto:%20info@magrittemuseum.be\">info@magrittemuseum.be<\/a><\/p>\n\n\n\n<p class=\"has-text-align-left\">Planifiez votre itin\u00e9raire via <a href=\"https:\/\/www.google.com\/maps\/place\/Rue+Esseghem+135,+1090+Jette\/@50.8766799,4.333494,17z\/data=!3m1!4b1!4m5!3m4!1s0x47c3c3c70563fd19:0x6e9d0f1a42cbac2c!8m2!3d50.8766765!4d4.3356827\">Google Maps.<\/a><\/p>\n<\/div>\n\n\n\n<div class=\"wp-block-column is-layout-flow wp-block-column-is-layout-flow\">\n<h2 class=\"wp-block-heading\" id=\"Heures_ouverture\"><strong>Heures d&rsquo;ouverture<\/strong><\/h2>\n\n\n\n<p>Du mercredi au vendredi : 13:00 &#8211; 18:00<br>Du samedi au dimanche : 10:00 &#8211; 18:00<br><\/p>\n\n\n\n<p>Ferm\u00e9 le 25 d\u00e9cembre et le 1er janvier.<\/p>\n<\/div>\n<\/div>\n\n\n\n<div style=\"height:30px\" aria-hidden=\"true\" class=\"wp-block-spacer\"><\/div>\n\n\n\n<h2 class=\"wp-block-heading\"><strong>Informations suppl\u00e9mentaires<\/strong><\/h2>\n\n\n\n<ul>\n<li>Les mus\u00e9es sont log\u00e9s dans des b\u00e2timents class\u00e9s et ne sont pas accessibles aux <strong>personnes \u00e0 mobilit\u00e9 r\u00e9duite<\/strong>, ni aux <strong>poussettes<\/strong>.<\/li>\n\n\n\n<li>Pour des raisons de s\u00e9curit\u00e9 et de conservation, <strong>tous les sacs<\/strong> doivent \u00eatre rang\u00e9s <strong>dans les casiers<\/strong>.<\/li>\n\n\n\n<li>Certaines \u0153uvres surr\u00e9alistes peuvent <strong>choquer la sensibilit\u00e9<\/strong> des visiteurs.<\/li>\n\n\n\n<li>L&rsquo;achat du <strong>museumPASSmus\u00e9es<\/strong> peut se faire soit sur place \u00e0 l&rsquo;accueil, soit en ligne via <a href=\"https:\/\/www.museumpassmusees.be?refm=fb0a0d88-dd1f-455c-9942-04c14bf53e30\">ce lien.<\/a><\/li>\n\n\n\n<li>Si vous souhaitez obtenir des informations sur le<strong> Mus\u00e9e Magritte situ\u00e9 Place Royale, <\/strong>veuillez contacter les<strong> <a href=\"https:\/\/www.musee-magritte-museum.be\/fr\">Mus\u00e9es Royaux des Beaux-Arts<\/a>.&nbsp;<\/strong><\/li>\n<\/ul>\n","protected":false},"excerpt":{"rendered":"<p>Tarifs 12 \u20ac\u00a0(plein tarif)8 \u20ac\u00a0(moins 23 ans)6 \u20ac\u00a0(jettois)1,25 \u20ac (Article 27) Gratuit pour les enfants jusqu\u2019\u00e0 8 ans inclus.Gratuit avec la Brussels Card et le museumPASSmus\u00e9es. Groupes Pour toute visite d\u2019un groupe de&nbsp;plus de 8 personnes, nous vous prions de bien vouloir envoyer un mail \u00e0&nbsp;reservation@magrittemuseum.be&nbsp;afin de vous recevoir dans les meilleures conditions. R\u00e9servation de &#8230; <a title=\"Informations pratiques\" class=\"read-more\" href=\"https:\/\/www.magrittemuseum.be\/index.php\/fr\/visite\/\" aria-label=\"En savoir plus sur Informations pratiques\">Lire la suite<\/a><\/p>\n","protected":false},"author":1,"featured_media":0,"parent":0,"menu_order":2,"comment_status":"closed","ping_status":"closed","template":"","meta":{"footnotes":""},"_links":{"self":[{"href":"https:\/\/www.magrittemuseum.be\/index.php\/wp-json\/wp\/v2\/pages\/80"}],"collection":[{"href":"https:\/\/www.magrittemuseum.be\/index.php\/wp-json\/wp\/v2\/pages"}],"about":[{"href":"https:\/\/www.magrittemuseum.be\/index.php\/wp-json\/wp\/v2\/types\/page"}],"author":[{"embeddable":true,"href":"https:\/\/www.magrittemuseum.be\/index.php\/wp-json\/wp\/v2\/users\/1"}],"replies":[{"embeddable":true,"href":"https:\/\/www.magrittemuseum.be\/index.php\/wp-json\/wp\/v2\/comments?post=80"}],"version-history":[{"count":107,"href":"https:\/\/www.magrittemuseum.be\/index.php\/wp-json\/wp\/v2\/pages\/80\/revisions"}],"predecessor-version":[{"id":6212,"href":"https:\/\/www.magrittemuseum.be\/index.php\/wp-json\/wp\/v2\/pages\/80\/revisions\/6212"}],"wp:attachment":[{"href":"https:\/\/www.magrittemuseum.be\/index.php\/wp-json\/wp\/v2\/media?parent=80"}],"curies":[{"name":"wp","href":"https:\/\/api.w.org\/{rel}","templated":true}]}}